{"id":1925,"date":"2025-03-08T17:24:52","date_gmt":"2025-03-08T17:24:52","guid":{"rendered":"https:\/\/oikos-schoetz.ch\/wordpress\/?page_id=1925"},"modified":"2026-04-26T18:23:32","modified_gmt":"2026-04-26T18:23:32","slug":"predigten","status":"publish","type":"page","link":"https:\/\/oikos-schoetz.ch\/wordpress\/predigten\/","title":{"rendered":"Predigten"},"content":{"rendered":"\t\t<div data-elementor-type=\"wp-page\" data-elementor-id=\"1925\" class=\"elementor elementor-1925\" data-elementor-post-type=\"page\">\n\t\t\t\t<div class=\"elementor-element elementor-element-64307ec e-flex e-con-boxed wpr-particle-no wpr-jarallax-no wpr-parallax-no wpr-sticky-section-no e-con e-parent\" data-id=\"64307ec\" data-element_type=\"container\">\n\t\t\t\t\t<div class=\"e-con-inner\">\n\t\t\t\t<div class=\"elementor-element elementor-element-136c272 elementor-widget elementor-widget-heading\" data-id=\"136c272\" data-element_type=\"widget\" data-widget_type=\"heading.default\">\n\t\t\t\t<div class=\"elementor-widget-container\">\n\t\t\t\t\t<h2 class=\"elementor-heading-title elementor-size-default\">Predigten<\/h2>\t\t\t\t<\/div>\n\t\t\t\t<\/div>\n\t\t\t\t\t<\/div>\n\t\t\t\t<\/div>\n\t\t<div class=\"elementor-element elementor-element-ce65074 e-flex e-con-boxed wpr-particle-no wpr-jarallax-no wpr-parallax-no wpr-sticky-section-no e-con e-parent\" data-id=\"ce65074\" data-element_type=\"container\">\n\t\t\t\t\t<div class=\"e-con-inner\">\n\t\t\t\t<div class=\"elementor-element elementor-element-44af48b elementor-widget elementor-widget-n-accordion\" data-id=\"44af48b\" data-element_type=\"widget\" data-settings=\"{&quot;default_state&quot;:&quot;expanded&quot;,&quot;max_items_expended&quot;:&quot;one&quot;,&quot;n_accordion_animation_duration&quot;:{&quot;unit&quot;:&quot;ms&quot;,&quot;size&quot;:400,&quot;sizes&quot;:[]}}\" data-widget_type=\"nested-accordion.default\">\n\t\t\t\t<div class=\"elementor-widget-container\">\n\t\t\t\t\t\t\t<div class=\"e-n-accordion\" aria-label=\"Accordion. Open links with Enter or Space, close with Escape, and navigate with Arrow Keys\">\n\t\t\t\t\t\t<details id=\"e-n-accordion-item-7200\" class=\"e-n-accordion-item\" open>\n\t\t\t\t<summary class=\"e-n-accordion-item-title\" data-accordion-index=\"1\" tabindex=\"0\" aria-expanded=\"true\" aria-controls=\"e-n-accordion-item-7200\" >\n\t\t\t\t\t<span class='e-n-accordion-item-title-header'><div class=\"e-n-accordion-item-title-text\"> Aktuell <\/div><\/span>\n\t\t\t\t\t\t\t<span class='e-n-accordion-item-title-icon'>\n\t\t\t<span class='e-opened' ><svg aria-hidden=\"true\" class=\"e-font-icon-svg e-fas-minus\" viewBox=\"0 0 448 512\" xmlns=\"http:\/\/www.w3.org\/2000\/svg\"><path d=\"M416 208H32c-17.67 0-32 14.33-32 32v32c0 17.67 14.33 32 32 32h384c17.67 0 32-14.33 32-32v-32c0-17.67-14.33-32-32-32z\"><\/path><\/svg><\/span>\n\t\t\t<span class='e-closed'><svg aria-hidden=\"true\" class=\"e-font-icon-svg e-fas-plus-square\" viewBox=\"0 0 448 512\" xmlns=\"http:\/\/www.w3.org\/2000\/svg\"><path d=\"M400 32H48C21.5 32 0 53.5 0 80v352c0 26.5 21.5 48 48 48h352c26.5 0 48-21.5 48-48V80c0-26.5-21.5-48-48-48zm-32 252c0 6.6-5.4 12-12 12h-92v92c0 6.6-5.4 12-12 12h-56c-6.6 0-12-5.4-12-12v-92H92c-6.6 0-12-5.4-12-12v-56c0-6.6 5.4-12 12-12h92v-92c0-6.6 5.4-12 12-12h56c6.6 0 12 5.4 12 12v92h92c6.6 0 12 5.4 12 12v56z\"><\/path><\/svg><\/span>\n\t\t<\/span>\n\n\t\t\t\t\t\t<\/summary>\n\t\t\t\t<div role=\"region\" aria-labelledby=\"e-n-accordion-item-7200\" class=\"elementor-element elementor-element-6ace74d e-flex e-con-boxed wpr-particle-no wpr-jarallax-no wpr-parallax-no wpr-sticky-section-no e-con e-child\" data-id=\"6ace74d\" data-element_type=\"container\">\n\t\t\t\t\t<div class=\"e-con-inner\">\n\t\t\t\t<div class=\"elementor-element elementor-element-26aac75 elementor-widget elementor-widget-wp-widget-media_audio\" data-id=\"26aac75\" data-element_type=\"widget\" data-widget_type=\"wp-widget-media_audio.default\">\n\t\t\t\t<div class=\"elementor-widget-container\">\n\t\t\t\t\t<h5>K\u00f6nig Davids Zeitreise &#8211; 26. April 2026 &#8211; Daniel M\u00fcller-Lutz<\/h5><audio class=\"wp-audio-shortcode\" id=\"audio-1925-1\" preload=\"none\" style=\"width: 100%;\" controls=\"controls\"><source type=\"audio\/mpeg\" src=\"https:\/\/oikos-schoetz.ch\/wordpress\/wp-content\/uploads\/2026\/04\/2026.04.26-Koenig-Davids-Zeitreise-Daniel-Mueller-Lutz.mp3?_=1\" \/><source type=\"audio\/mpeg\" src=\"https:\/\/oikos-schoetz.ch\/wordpress\/wp-content\/uploads\/2026\/04\/2026.04.26-Koenig-Davids-Zeitreise-Daniel-Mueller-Lutz.mp3?_=1\" \/><a href=\"https:\/\/oikos-schoetz.ch\/wordpress\/wp-content\/uploads\/2026\/04\/2026.04.26-Koenig-Davids-Zeitreise-Daniel-Mueller-Lutz.mp3\">https:\/\/oikos-schoetz.ch\/wordpress\/wp-content\/uploads\/2026\/04\/2026.04.26-Koenig-Davids-Zeitreise-Daniel-Mueller-Lutz.mp3<\/a><\/audio>\t\t\t\t<\/div>\n\t\t\t\t<\/div>\n\t\t\t\t<div class=\"elementor-element elementor-element-1c9c756 elementor-widget elementor-widget-wp-widget-media_audio\" data-id=\"1c9c756\" data-element_type=\"widget\" data-widget_type=\"wp-widget-media_audio.default\">\n\t\t\t\t<div class=\"elementor-widget-container\">\n\t\t\t\t\t<h5>GROSSE Pl\u00e4ne &#8211; 12. April 2026 &#8211; Daniel M\u00fcller-Lutz<\/h5><audio class=\"wp-audio-shortcode\" id=\"audio-1925-2\" preload=\"none\" style=\"width: 100%;\" controls=\"controls\"><source type=\"audio\/mpeg\" src=\"https:\/\/oikos-schoetz.ch\/wordpress\/wp-content\/uploads\/2026\/04\/2026.04.12-Grosse-Plaene-Daniel-Mueller-Lutz.mp3?_=2\" \/><source type=\"audio\/mpeg\" src=\"https:\/\/oikos-schoetz.ch\/wordpress\/wp-content\/uploads\/2026\/04\/2026.04.12-Grosse-Plaene-Daniel-Mueller-Lutz.mp3?_=2\" \/><a href=\"https:\/\/oikos-schoetz.ch\/wordpress\/wp-content\/uploads\/2026\/04\/2026.04.12-Grosse-Plaene-Daniel-Mueller-Lutz.mp3\">https:\/\/oikos-schoetz.ch\/wordpress\/wp-content\/uploads\/2026\/04\/2026.04.12-Grosse-Plaene-Daniel-Mueller-Lutz.mp3<\/a><\/audio>\t\t\t\t<\/div>\n\t\t\t\t<\/div>\n\t\t\t\t<div class=\"elementor-element elementor-element-c0ccedf elementor-widget elementor-widget-wp-widget-media_audio\" data-id=\"c0ccedf\" data-element_type=\"widget\" data-widget_type=\"wp-widget-media_audio.default\">\n\t\t\t\t<div class=\"elementor-widget-container\">\n\t\t\t\t\t<h5>&#171;Karfreitag&#187; oder &#171;Good Friday&#187;? &#8211; 29. M\u00e4rz 2026 &#8211; Daniel M\u00fcller-Lutz<\/h5><audio class=\"wp-audio-shortcode\" id=\"audio-1925-3\" preload=\"none\" style=\"width: 100%;\" controls=\"controls\"><source type=\"audio\/mpeg\" src=\"https:\/\/oikos-schoetz.ch\/wordpress\/wp-content\/uploads\/2026\/04\/2026.03.29-Karfreitag-oder-Good-Friday-Daniel-Mueller-Lutz.mp3?_=3\" \/><source type=\"audio\/mpeg\" src=\"https:\/\/oikos-schoetz.ch\/wordpress\/wp-content\/uploads\/2026\/04\/2026.03.29-Karfreitag-oder-Good-Friday-Daniel-Mueller-Lutz.mp3?_=3\" \/><a href=\"https:\/\/oikos-schoetz.ch\/wordpress\/wp-content\/uploads\/2026\/04\/2026.03.29-Karfreitag-oder-Good-Friday-Daniel-Mueller-Lutz.mp3\">https:\/\/oikos-schoetz.ch\/wordpress\/wp-content\/uploads\/2026\/04\/2026.03.29-Karfreitag-oder-Good-Friday-Daniel-Mueller-Lutz.mp3<\/a><\/audio>\t\t\t\t<\/div>\n\t\t\t\t<\/div>\n\t\t\t\t<div class=\"elementor-element elementor-element-ffa75f8 elementor-widget elementor-widget-wp-widget-media_audio\" data-id=\"ffa75f8\" data-element_type=\"widget\" data-widget_type=\"wp-widget-media_audio.default\">\n\t\t\t\t<div class=\"elementor-widget-container\">\n\t\t\t\t\t<h5>Endlich schuldenfrei! &#8211; 15. M\u00e4rz 2026 &#8211; Daniel M\u00fcller-Lutz<\/h5><audio class=\"wp-audio-shortcode\" id=\"audio-1925-4\" preload=\"none\" style=\"width: 100%;\" controls=\"controls\"><source type=\"audio\/mpeg\" src=\"https:\/\/oikos-schoetz.ch\/wordpress\/wp-content\/uploads\/2026\/03\/2026.03.15-Endlich-schuldenfrei-Daniel-Mueller-Lutz.mp3?_=4\" \/><source type=\"audio\/mpeg\" src=\"https:\/\/oikos-schoetz.ch\/wordpress\/wp-content\/uploads\/2026\/03\/2026.03.15-Endlich-schuldenfrei-Daniel-Mueller-Lutz.mp3?_=4\" \/><a href=\"https:\/\/oikos-schoetz.ch\/wordpress\/wp-content\/uploads\/2026\/03\/2026.03.15-Endlich-schuldenfrei-Daniel-Mueller-Lutz.mp3\">https:\/\/oikos-schoetz.ch\/wordpress\/wp-content\/uploads\/2026\/03\/2026.03.15-Endlich-schuldenfrei-Daniel-Mueller-Lutz.mp3<\/a><\/audio>\t\t\t\t<\/div>\n\t\t\t\t<\/div>\n\t\t\t\t<div class=\"elementor-element elementor-element-44f48e7 elementor-widget elementor-widget-wp-widget-media_audio\" data-id=\"44f48e7\" data-element_type=\"widget\" data-widget_type=\"wp-widget-media_audio.default\">\n\t\t\t\t<div class=\"elementor-widget-container\">\n\t\t\t\t\t<h5>Die ausgestreckte Hand &#8211; 01. M\u00e4rz 2026 &#8211; Daniel M\u00fcller-Lutz<\/h5><audio class=\"wp-audio-shortcode\" id=\"audio-1925-5\" preload=\"none\" style=\"width: 100%;\" controls=\"controls\"><source type=\"audio\/mpeg\" src=\"https:\/\/oikos-schoetz.ch\/wordpress\/wp-content\/uploads\/2026\/03\/2026.03.01-Die-ausgestreckte-Hand-Daniel-Mueller-Lutz.mp3?_=5\" \/><source type=\"audio\/mpeg\" src=\"https:\/\/oikos-schoetz.ch\/wordpress\/wp-content\/uploads\/2026\/03\/2026.03.01-Die-ausgestreckte-Hand-Daniel-Mueller-Lutz.mp3?_=5\" \/><a href=\"https:\/\/oikos-schoetz.ch\/wordpress\/wp-content\/uploads\/2026\/03\/2026.03.01-Die-ausgestreckte-Hand-Daniel-Mueller-Lutz.mp3\">https:\/\/oikos-schoetz.ch\/wordpress\/wp-content\/uploads\/2026\/03\/2026.03.01-Die-ausgestreckte-Hand-Daniel-Mueller-Lutz.mp3<\/a><\/audio>\t\t\t\t<\/div>\n\t\t\t\t<\/div>\n\t\t\t\t<div class=\"elementor-element elementor-element-2611299 elementor-widget elementor-widget-wp-widget-media_audio\" data-id=\"2611299\" data-element_type=\"widget\" data-widget_type=\"wp-widget-media_audio.default\">\n\t\t\t\t<div class=\"elementor-widget-container\">\n\t\t\t\t\t<h5>Die perfekte Kirche Teil 2 &#8211; 15. Februar 2026 &#8211; Daniel M\u00fcller-Lutz<\/h5><audio class=\"wp-audio-shortcode\" id=\"audio-1925-6\" preload=\"none\" style=\"width: 100%;\" controls=\"controls\"><source type=\"audio\/mpeg\" src=\"https:\/\/oikos-schoetz.ch\/wordpress\/wp-content\/uploads\/2026\/02\/2026.02.15-Die-perfekte-Kirche-Teil-2-Daniel-Mueller-Lutz.mp3?_=6\" \/><source type=\"audio\/mpeg\" src=\"https:\/\/oikos-schoetz.ch\/wordpress\/wp-content\/uploads\/2026\/02\/2026.02.15-Die-perfekte-Kirche-Teil-2-Daniel-Mueller-Lutz.mp3?_=6\" \/><a href=\"https:\/\/oikos-schoetz.ch\/wordpress\/wp-content\/uploads\/2026\/02\/2026.02.15-Die-perfekte-Kirche-Teil-2-Daniel-Mueller-Lutz.mp3\">https:\/\/oikos-schoetz.ch\/wordpress\/wp-content\/uploads\/2026\/02\/2026.02.15-Die-perfekte-Kirche-Teil-2-Daniel-Mueller-Lutz.mp3<\/a><\/audio>\t\t\t\t<\/div>\n\t\t\t\t<\/div>\n\t\t\t\t<div class=\"elementor-element elementor-element-204b21b elementor-widget elementor-widget-wp-widget-media_audio\" data-id=\"204b21b\" data-element_type=\"widget\" data-widget_type=\"wp-widget-media_audio.default\">\n\t\t\t\t<div class=\"elementor-widget-container\">\n\t\t\t\t\t<h5>Die perfekte Kirche Teil 1 &#8211; 01. Februar 2026 &#8211; Jan Hunziker<\/h5><audio class=\"wp-audio-shortcode\" id=\"audio-1925-7\" preload=\"none\" style=\"width: 100%;\" controls=\"controls\"><source type=\"audio\/mpeg\" src=\"https:\/\/oikos-schoetz.ch\/wordpress\/wp-content\/uploads\/2026\/02\/2026.02.01-Die-perfekte-Kirche-Teil-1-Jan-Hunziker.mp3?_=7\" \/><source type=\"audio\/mpeg\" src=\"https:\/\/oikos-schoetz.ch\/wordpress\/wp-content\/uploads\/2026\/02\/2026.02.01-Die-perfekte-Kirche-Teil-1-Jan-Hunziker.mp3?_=7\" \/><a href=\"https:\/\/oikos-schoetz.ch\/wordpress\/wp-content\/uploads\/2026\/02\/2026.02.01-Die-perfekte-Kirche-Teil-1-Jan-Hunziker.mp3\">https:\/\/oikos-schoetz.ch\/wordpress\/wp-content\/uploads\/2026\/02\/2026.02.01-Die-perfekte-Kirche-Teil-1-Jan-Hunziker.mp3<\/a><\/audio>\t\t\t\t<\/div>\n\t\t\t\t<\/div>\n\t\t\t\t\t<\/div>\n\t\t\t\t<\/div>\n\t\t\t\t\t<\/details>\n\t\t\t\t\t\t<details id=\"e-n-accordion-item-7201\" class=\"e-n-accordion-item\" >\n\t\t\t\t<summary class=\"e-n-accordion-item-title\" data-accordion-index=\"2\" tabindex=\"-1\" aria-expanded=\"false\" aria-controls=\"e-n-accordion-item-7201\" >\n\t\t\t\t\t<span class='e-n-accordion-item-title-header'><div class=\"e-n-accordion-item-title-text\"> Januar 2026 <\/div><\/span>\n\t\t\t\t\t\t\t<span class='e-n-accordion-item-title-icon'>\n\t\t\t<span class='e-opened' ><svg aria-hidden=\"true\" class=\"e-font-icon-svg e-fas-minus\" viewBox=\"0 0 448 512\" xmlns=\"http:\/\/www.w3.org\/2000\/svg\"><path d=\"M416 208H32c-17.67 0-32 14.33-32 32v32c0 17.67 14.33 32 32 32h384c17.67 0 32-14.33 32-32v-32c0-17.67-14.33-32-32-32z\"><\/path><\/svg><\/span>\n\t\t\t<span class='e-closed'><svg aria-hidden=\"true\" class=\"e-font-icon-svg e-fas-plus-square\" viewBox=\"0 0 448 512\" xmlns=\"http:\/\/www.w3.org\/2000\/svg\"><path d=\"M400 32H48C21.5 32 0 53.5 0 80v352c0 26.5 21.5 48 48 48h352c26.5 0 48-21.5 48-48V80c0-26.5-21.5-48-48-48zm-32 252c0 6.6-5.4 12-12 12h-92v92c0 6.6-5.4 12-12 12h-56c-6.6 0-12-5.4-12-12v-92H92c-6.6 0-12-5.4-12-12v-56c0-6.6 5.4-12 12-12h92v-92c0-6.6 5.4-12 12-12h56c6.6 0 12 5.4 12 12v92h92c6.6 0 12 5.4 12 12v56z\"><\/path><\/svg><\/span>\n\t\t<\/span>\n\n\t\t\t\t\t\t<\/summary>\n\t\t\t\t<div role=\"region\" aria-labelledby=\"e-n-accordion-item-7201\" class=\"elementor-element elementor-element-25c9380 e-flex e-con-boxed wpr-particle-no wpr-jarallax-no wpr-parallax-no wpr-sticky-section-no e-con e-child\" data-id=\"25c9380\" data-element_type=\"container\">\n\t\t\t\t\t<div class=\"e-con-inner\">\n\t\t\t\t<div class=\"elementor-element elementor-element-8d31e74 elementor-widget elementor-widget-wp-widget-media_audio\" data-id=\"8d31e74\" data-element_type=\"widget\" data-widget_type=\"wp-widget-media_audio.default\">\n\t\t\t\t<div class=\"elementor-widget-container\">\n\t\t\t\t\t<h5>Jahreslosung: Ich mache alles neu! &#8211; 18. Januar 2026 &#8211; Daniel M\u00fcller-Lutz<\/h5><audio class=\"wp-audio-shortcode\" id=\"audio-1925-8\" preload=\"none\" style=\"width: 100%;\" controls=\"controls\"><source type=\"audio\/mpeg\" src=\"https:\/\/oikos-schoetz.ch\/wordpress\/wp-content\/uploads\/2026\/01\/2026.01.18-Ich-mache-alles-neu-Daniel-Mueller-Lutz.mp3?_=8\" \/><source type=\"audio\/mpeg\" src=\"https:\/\/oikos-schoetz.ch\/wordpress\/wp-content\/uploads\/2026\/01\/2026.01.18-Ich-mache-alles-neu-Daniel-Mueller-Lutz.mp3?_=8\" \/><a href=\"https:\/\/oikos-schoetz.ch\/wordpress\/wp-content\/uploads\/2026\/01\/2026.01.18-Ich-mache-alles-neu-Daniel-Mueller-Lutz.mp3\">https:\/\/oikos-schoetz.ch\/wordpress\/wp-content\/uploads\/2026\/01\/2026.01.18-Ich-mache-alles-neu-Daniel-Mueller-Lutz.mp3<\/a><\/audio>\t\t\t\t<\/div>\n\t\t\t\t<\/div>\n\t\t\t\t<div class=\"elementor-element elementor-element-4b8f0f1 elementor-widget elementor-widget-wp-widget-media_audio\" data-id=\"4b8f0f1\" data-element_type=\"widget\" data-widget_type=\"wp-widget-media_audio.default\">\n\t\t\t\t<div class=\"elementor-widget-container\">\n\t\t\t\t\t<h5>Kostbar &#8211; Was dein Leben wertvoll Macht &#8211; 04. Januar 2026 &#8211; Marco Hofmann<\/h5><audio class=\"wp-audio-shortcode\" id=\"audio-1925-9\" preload=\"none\" style=\"width: 100%;\" controls=\"controls\"><source type=\"audio\/mpeg\" src=\"https:\/\/oikos-schoetz.ch\/wordpress\/wp-content\/uploads\/2026\/01\/2026.01.04-Kostbar-Was-dein-Leben-Kostbar-macht-Perdigt-von-Marco-Hofmann.mp3?_=9\" \/><source type=\"audio\/mpeg\" src=\"https:\/\/oikos-schoetz.ch\/wordpress\/wp-content\/uploads\/2026\/01\/2026.01.04-Kostbar-Was-dein-Leben-Kostbar-macht-Perdigt-von-Marco-Hofmann.mp3?_=9\" \/><a href=\"https:\/\/oikos-schoetz.ch\/wordpress\/wp-content\/uploads\/2026\/01\/2026.01.04-Kostbar-Was-dein-Leben-Kostbar-macht-Perdigt-von-Marco-Hofmann.mp3\">https:\/\/oikos-schoetz.ch\/wordpress\/wp-content\/uploads\/2026\/01\/2026.01.04-Kostbar-Was-dein-Leben-Kostbar-macht-Perdigt-von-Marco-Hofmann.mp3<\/a><\/audio>\t\t\t\t<\/div>\n\t\t\t\t<\/div>\n\t\t\t\t\t<\/div>\n\t\t\t\t<\/div>\n\t\t\t\t\t<\/details>\n\t\t\t\t\t\t<details id=\"e-n-accordion-item-7202\" class=\"e-n-accordion-item\" >\n\t\t\t\t<summary class=\"e-n-accordion-item-title\" data-accordion-index=\"3\" tabindex=\"-1\" aria-expanded=\"false\" aria-controls=\"e-n-accordion-item-7202\" >\n\t\t\t\t\t<span class='e-n-accordion-item-title-header'><div class=\"e-n-accordion-item-title-text\"> Dezember 2025 <\/div><\/span>\n\t\t\t\t\t\t\t<span class='e-n-accordion-item-title-icon'>\n\t\t\t<span class='e-opened' ><svg aria-hidden=\"true\" class=\"e-font-icon-svg e-fas-minus\" viewBox=\"0 0 448 512\" xmlns=\"http:\/\/www.w3.org\/2000\/svg\"><path d=\"M416 208H32c-17.67 0-32 14.33-32 32v32c0 17.67 14.33 32 32 32h384c17.67 0 32-14.33 32-32v-32c0-17.67-14.33-32-32-32z\"><\/path><\/svg><\/span>\n\t\t\t<span class='e-closed'><svg aria-hidden=\"true\" class=\"e-font-icon-svg e-fas-plus-square\" viewBox=\"0 0 448 512\" xmlns=\"http:\/\/www.w3.org\/2000\/svg\"><path d=\"M400 32H48C21.5 32 0 53.5 0 80v352c0 26.5 21.5 48 48 48h352c26.5 0 48-21.5 48-48V80c0-26.5-21.5-48-48-48zm-32 252c0 6.6-5.4 12-12 12h-92v92c0 6.6-5.4 12-12 12h-56c-6.6 0-12-5.4-12-12v-92H92c-6.6 0-12-5.4-12-12v-56c0-6.6 5.4-12 12-12h92v-92c0-6.6 5.4-12 12-12h56c6.6 0 12 5.4 12 12v92h92c6.6 0 12 5.4 12 12v56z\"><\/path><\/svg><\/span>\n\t\t<\/span>\n\n\t\t\t\t\t\t<\/summary>\n\t\t\t\t<div role=\"region\" aria-labelledby=\"e-n-accordion-item-7202\" class=\"elementor-element elementor-element-f07cdbf e-flex e-con-boxed wpr-particle-no wpr-jarallax-no wpr-parallax-no wpr-sticky-section-no e-con e-child\" data-id=\"f07cdbf\" data-element_type=\"container\">\n\t\t\t\t\t<div class=\"e-con-inner\">\n\t\t\t\t<div class=\"elementor-element elementor-element-41a5cf7 elementor-widget elementor-widget-wp-widget-media_audio\" data-id=\"41a5cf7\" data-element_type=\"widget\" data-widget_type=\"wp-widget-media_audio.default\">\n\t\t\t\t<div class=\"elementor-widget-container\">\n\t\t\t\t\t<h5>Weihnachtsgottesdienst &#8211; 21. Dezember 2025 &#8211; Daniel M\u00fcller-Lutz<\/h5><audio class=\"wp-audio-shortcode\" id=\"audio-1925-10\" preload=\"none\" style=\"width: 100%;\" controls=\"controls\"><source type=\"audio\/mpeg\" src=\"https:\/\/oikos-schoetz.ch\/wordpress\/wp-content\/uploads\/2026\/01\/2025.12.23-Weihnachtsgottesdienst-Daniel-Mueller-Lutz.mp3?_=10\" \/><source type=\"audio\/mpeg\" src=\"https:\/\/oikos-schoetz.ch\/wordpress\/wp-content\/uploads\/2026\/01\/2025.12.23-Weihnachtsgottesdienst-Daniel-Mueller-Lutz.mp3?_=10\" \/><a href=\"https:\/\/oikos-schoetz.ch\/wordpress\/wp-content\/uploads\/2026\/01\/2025.12.23-Weihnachtsgottesdienst-Daniel-Mueller-Lutz.mp3\">https:\/\/oikos-schoetz.ch\/wordpress\/wp-content\/uploads\/2026\/01\/2025.12.23-Weihnachtsgottesdienst-Daniel-Mueller-Lutz.mp3<\/a><\/audio>\t\t\t\t<\/div>\n\t\t\t\t<\/div>\n\t\t\t\t<div class=\"elementor-element elementor-element-00be18d elementor-widget elementor-widget-wp-widget-media_audio\" data-id=\"00be18d\" data-element_type=\"widget\" data-widget_type=\"wp-widget-media_audio.default\">\n\t\t\t\t<div class=\"elementor-widget-container\">\n\t\t\t\t\t<h5>Israels Feste: Das Posaunenfest &#8211; Was hat das Posaunenfest mit Advent zu tun? &#8211; 07. Dezember 2025 &#8211; Daniel M\u00fcller-Lutz<\/h5><audio class=\"wp-audio-shortcode\" id=\"audio-1925-11\" preload=\"none\" style=\"width: 100%;\" controls=\"controls\"><source type=\"audio\/mpeg\" src=\"https:\/\/oikos-schoetz.ch\/wordpress\/wp-content\/uploads\/2025\/12\/2025.12.07-Die-Feste-Israels-Was-hat-das-Posaunenfest-mit-Advent-zu-tun-Daniel-Mueller-Lutz.mp3?_=11\" \/><source type=\"audio\/mpeg\" src=\"https:\/\/oikos-schoetz.ch\/wordpress\/wp-content\/uploads\/2025\/12\/2025.12.07-Die-Feste-Israels-Was-hat-das-Posaunenfest-mit-Advent-zu-tun-Daniel-Mueller-Lutz.mp3?_=11\" \/><a href=\"https:\/\/oikos-schoetz.ch\/wordpress\/wp-content\/uploads\/2025\/12\/2025.12.07-Die-Feste-Israels-Was-hat-das-Posaunenfest-mit-Advent-zu-tun-Daniel-Mueller-Lutz.mp3\">https:\/\/oikos-schoetz.ch\/wordpress\/wp-content\/uploads\/2025\/12\/2025.12.07-Die-Feste-Israels-Was-hat-das-Posaunenfest-mit-Advent-zu-tun-Daniel-Mueller-Lutz.mp3<\/a><\/audio>\t\t\t\t<\/div>\n\t\t\t\t<\/div>\n\t\t\t\t\t<\/div>\n\t\t\t\t<\/div>\n\t\t\t\t\t<\/details>\n\t\t\t\t\t\t<details id=\"e-n-accordion-item-7203\" class=\"e-n-accordion-item\" >\n\t\t\t\t<summary class=\"e-n-accordion-item-title\" data-accordion-index=\"4\" tabindex=\"-1\" aria-expanded=\"false\" aria-controls=\"e-n-accordion-item-7203\" >\n\t\t\t\t\t<span class='e-n-accordion-item-title-header'><div class=\"e-n-accordion-item-title-text\"> November 2025 <\/div><\/span>\n\t\t\t\t\t\t\t<span class='e-n-accordion-item-title-icon'>\n\t\t\t<span class='e-opened' ><svg aria-hidden=\"true\" class=\"e-font-icon-svg e-fas-minus\" viewBox=\"0 0 448 512\" xmlns=\"http:\/\/www.w3.org\/2000\/svg\"><path d=\"M416 208H32c-17.67 0-32 14.33-32 32v32c0 17.67 14.33 32 32 32h384c17.67 0 32-14.33 32-32v-32c0-17.67-14.33-32-32-32z\"><\/path><\/svg><\/span>\n\t\t\t<span class='e-closed'><svg aria-hidden=\"true\" class=\"e-font-icon-svg e-fas-plus-square\" viewBox=\"0 0 448 512\" xmlns=\"http:\/\/www.w3.org\/2000\/svg\"><path d=\"M400 32H48C21.5 32 0 53.5 0 80v352c0 26.5 21.5 48 48 48h352c26.5 0 48-21.5 48-48V80c0-26.5-21.5-48-48-48zm-32 252c0 6.6-5.4 12-12 12h-92v92c0 6.6-5.4 12-12 12h-56c-6.6 0-12-5.4-12-12v-92H92c-6.6 0-12-5.4-12-12v-56c0-6.6 5.4-12 12-12h92v-92c0-6.6 5.4-12 12-12h56c6.6 0 12 5.4 12 12v92h92c6.6 0 12 5.4 12 12v56z\"><\/path><\/svg><\/span>\n\t\t<\/span>\n\n\t\t\t\t\t\t<\/summary>\n\t\t\t\t<div role=\"region\" aria-labelledby=\"e-n-accordion-item-7203\" class=\"elementor-element elementor-element-90329de e-flex e-con-boxed wpr-particle-no wpr-jarallax-no wpr-parallax-no wpr-sticky-section-no e-con e-child\" data-id=\"90329de\" data-element_type=\"container\">\n\t\t\t\t\t<div class=\"e-con-inner\">\n\t\t\t\t<div class=\"elementor-element elementor-element-005c06f elementor-widget elementor-widget-wp-widget-media_audio\" data-id=\"005c06f\" data-element_type=\"widget\" data-widget_type=\"wp-widget-media_audio.default\">\n\t\t\t\t<div class=\"elementor-widget-container\">\n\t\t\t\t\t<h5>Israels Feste: Das Fest der unges\u00e4uerten Brote &#8211; 23. November 2025 &#8211; Daniel M\u00fcller-Lutz<\/h5><audio class=\"wp-audio-shortcode\" id=\"audio-1925-12\" preload=\"none\" style=\"width: 100%;\" controls=\"controls\"><source type=\"audio\/mpeg\" src=\"https:\/\/oikos-schoetz.ch\/wordpress\/wp-content\/uploads\/2025\/12\/2025.11.23-Israels-Feste-Das-Fest-der-ungesaeuerten-Brote-Daniel-Mueller-Lutz.mp3?_=12\" \/><source type=\"audio\/mpeg\" src=\"https:\/\/oikos-schoetz.ch\/wordpress\/wp-content\/uploads\/2025\/12\/2025.11.23-Israels-Feste-Das-Fest-der-ungesaeuerten-Brote-Daniel-Mueller-Lutz.mp3?_=12\" \/><a href=\"https:\/\/oikos-schoetz.ch\/wordpress\/wp-content\/uploads\/2025\/12\/2025.11.23-Israels-Feste-Das-Fest-der-ungesaeuerten-Brote-Daniel-Mueller-Lutz.mp3\">https:\/\/oikos-schoetz.ch\/wordpress\/wp-content\/uploads\/2025\/12\/2025.11.23-Israels-Feste-Das-Fest-der-ungesaeuerten-Brote-Daniel-Mueller-Lutz.mp3<\/a><\/audio>\t\t\t\t<\/div>\n\t\t\t\t<\/div>\n\t\t\t\t<div class=\"elementor-element elementor-element-e815667 elementor-widget elementor-widget-wp-widget-media_audio\" data-id=\"e815667\" data-element_type=\"widget\" data-widget_type=\"wp-widget-media_audio.default\">\n\t\t\t\t<div class=\"elementor-widget-container\">\n\t\t\t\t\t<h5>Sonntag der verfolgten Kirche &#8211; Angst \u00fcberwinden &#8211; 09. November 2025 &#8211; Shila &#038; Daniel M\u00fcller-Lutz<\/h5><audio class=\"wp-audio-shortcode\" id=\"audio-1925-13\" preload=\"none\" style=\"width: 100%;\" controls=\"controls\"><source type=\"audio\/mpeg\" src=\"https:\/\/oikos-schoetz.ch\/wordpress\/wp-content\/uploads\/2025\/11\/2025.11.09-Sonntag-der-verfolgten-Kirche-Angst-ueberwinden-ShilaDaniel-Mueller-Lutz.mp3?_=13\" \/><source type=\"audio\/mpeg\" src=\"https:\/\/oikos-schoetz.ch\/wordpress\/wp-content\/uploads\/2025\/11\/2025.11.09-Sonntag-der-verfolgten-Kirche-Angst-ueberwinden-ShilaDaniel-Mueller-Lutz.mp3?_=13\" \/><a href=\"https:\/\/oikos-schoetz.ch\/wordpress\/wp-content\/uploads\/2025\/11\/2025.11.09-Sonntag-der-verfolgten-Kirche-Angst-ueberwinden-ShilaDaniel-Mueller-Lutz.mp3\">https:\/\/oikos-schoetz.ch\/wordpress\/wp-content\/uploads\/2025\/11\/2025.11.09-Sonntag-der-verfolgten-Kirche-Angst-ueberwinden-ShilaDaniel-Mueller-Lutz.mp3<\/a><\/audio>\t\t\t\t<\/div>\n\t\t\t\t<\/div>\n\t\t\t\t\t<\/div>\n\t\t\t\t<\/div>\n\t\t\t\t\t<\/details>\n\t\t\t\t\t\t<details id=\"e-n-accordion-item-7204\" class=\"e-n-accordion-item\" >\n\t\t\t\t<summary class=\"e-n-accordion-item-title\" data-accordion-index=\"5\" tabindex=\"-1\" aria-expanded=\"false\" aria-controls=\"e-n-accordion-item-7204\" >\n\t\t\t\t\t<span class='e-n-accordion-item-title-header'><div class=\"e-n-accordion-item-title-text\"> Oktober 2025 <\/div><\/span>\n\t\t\t\t\t\t\t<span class='e-n-accordion-item-title-icon'>\n\t\t\t<span class='e-opened' ><svg aria-hidden=\"true\" class=\"e-font-icon-svg e-fas-minus\" viewBox=\"0 0 448 512\" xmlns=\"http:\/\/www.w3.org\/2000\/svg\"><path d=\"M416 208H32c-17.67 0-32 14.33-32 32v32c0 17.67 14.33 32 32 32h384c17.67 0 32-14.33 32-32v-32c0-17.67-14.33-32-32-32z\"><\/path><\/svg><\/span>\n\t\t\t<span class='e-closed'><svg aria-hidden=\"true\" class=\"e-font-icon-svg e-fas-plus-square\" viewBox=\"0 0 448 512\" xmlns=\"http:\/\/www.w3.org\/2000\/svg\"><path d=\"M400 32H48C21.5 32 0 53.5 0 80v352c0 26.5 21.5 48 48 48h352c26.5 0 48-21.5 48-48V80c0-26.5-21.5-48-48-48zm-32 252c0 6.6-5.4 12-12 12h-92v92c0 6.6-5.4 12-12 12h-56c-6.6 0-12-5.4-12-12v-92H92c-6.6 0-12-5.4-12-12v-56c0-6.6 5.4-12 12-12h92v-92c0-6.6 5.4-12 12-12h56c6.6 0 12 5.4 12 12v92h92c6.6 0 12 5.4 12 12v56z\"><\/path><\/svg><\/span>\n\t\t<\/span>\n\n\t\t\t\t\t\t<\/summary>\n\t\t\t\t<div role=\"region\" aria-labelledby=\"e-n-accordion-item-7204\" class=\"elementor-element elementor-element-bdb821f e-flex e-con-boxed wpr-particle-no wpr-jarallax-no wpr-parallax-no wpr-sticky-section-no e-con e-child\" data-id=\"bdb821f\" data-element_type=\"container\">\n\t\t\t\t\t<div class=\"e-con-inner\">\n\t\t\t\t<div class=\"elementor-element elementor-element-fd13c77 elementor-widget elementor-widget-wp-widget-media_audio\" data-id=\"fd13c77\" data-element_type=\"widget\" data-widget_type=\"wp-widget-media_audio.default\">\n\t\t\t\t<div class=\"elementor-widget-container\">\n\t\t\t\t\t<h5>Israels Feste &#8211; Unsere Geschichte &#8211; 26. Oktober 2025 &#8211; Daniel M\u00fcller-Lutz<\/h5><audio class=\"wp-audio-shortcode\" id=\"audio-1925-14\" preload=\"none\" style=\"width: 100%;\" controls=\"controls\"><source type=\"audio\/mpeg\" src=\"https:\/\/oikos-schoetz.ch\/wordpress\/wp-content\/uploads\/2025\/10\/2025.10.26-Israels-Feste-erklaeren-unsere-Geschichte-Daniel-Mueller-Lutz.mp3?_=14\" \/><source type=\"audio\/mpeg\" src=\"https:\/\/oikos-schoetz.ch\/wordpress\/wp-content\/uploads\/2025\/10\/2025.10.26-Israels-Feste-erklaeren-unsere-Geschichte-Daniel-Mueller-Lutz.mp3?_=14\" \/><a href=\"https:\/\/oikos-schoetz.ch\/wordpress\/wp-content\/uploads\/2025\/10\/2025.10.26-Israels-Feste-erklaeren-unsere-Geschichte-Daniel-Mueller-Lutz.mp3\">https:\/\/oikos-schoetz.ch\/wordpress\/wp-content\/uploads\/2025\/10\/2025.10.26-Israels-Feste-erklaeren-unsere-Geschichte-Daniel-Mueller-Lutz.mp3<\/a><\/audio>\t\t\t\t<\/div>\n\t\t\t\t<\/div>\n\t\t\t\t<div class=\"elementor-element elementor-element-f7872a0 elementor-widget elementor-widget-wp-widget-media_audio\" data-id=\"f7872a0\" data-element_type=\"widget\" data-widget_type=\"wp-widget-media_audio.default\">\n\t\t\t\t<div class=\"elementor-widget-container\">\n\t\t\t\t\t<h5>Erntedank &#8211; 12. Oktober 2025 &#8211; Daniel M\u00fcller-Lutz<\/h5><audio class=\"wp-audio-shortcode\" id=\"audio-1925-15\" preload=\"none\" style=\"width: 100%;\" controls=\"controls\"><source type=\"audio\/mpeg\" src=\"https:\/\/oikos-schoetz.ch\/wordpress\/wp-content\/uploads\/2025\/10\/2025.10.12-Erntedank-Daniel-Mueller-Lutz.mp3?_=15\" \/><source type=\"audio\/mpeg\" src=\"https:\/\/oikos-schoetz.ch\/wordpress\/wp-content\/uploads\/2025\/10\/2025.10.12-Erntedank-Daniel-Mueller-Lutz.mp3?_=15\" \/><a href=\"https:\/\/oikos-schoetz.ch\/wordpress\/wp-content\/uploads\/2025\/10\/2025.10.12-Erntedank-Daniel-Mueller-Lutz.mp3\">https:\/\/oikos-schoetz.ch\/wordpress\/wp-content\/uploads\/2025\/10\/2025.10.12-Erntedank-Daniel-Mueller-Lutz.mp3<\/a><\/audio>\t\t\t\t<\/div>\n\t\t\t\t<\/div>\n\t\t\t\t\t<\/div>\n\t\t\t\t<\/div>\n\t\t\t\t\t<\/details>\n\t\t\t\t\t\t<details id=\"e-n-accordion-item-7205\" class=\"e-n-accordion-item\" >\n\t\t\t\t<summary class=\"e-n-accordion-item-title\" data-accordion-index=\"6\" tabindex=\"-1\" aria-expanded=\"false\" aria-controls=\"e-n-accordion-item-7205\" >\n\t\t\t\t\t<span class='e-n-accordion-item-title-header'><div class=\"e-n-accordion-item-title-text\"> September 2025 <\/div><\/span>\n\t\t\t\t\t\t\t<span class='e-n-accordion-item-title-icon'>\n\t\t\t<span class='e-opened' ><svg aria-hidden=\"true\" class=\"e-font-icon-svg e-fas-minus\" viewBox=\"0 0 448 512\" xmlns=\"http:\/\/www.w3.org\/2000\/svg\"><path d=\"M416 208H32c-17.67 0-32 14.33-32 32v32c0 17.67 14.33 32 32 32h384c17.67 0 32-14.33 32-32v-32c0-17.67-14.33-32-32-32z\"><\/path><\/svg><\/span>\n\t\t\t<span class='e-closed'><svg aria-hidden=\"true\" class=\"e-font-icon-svg e-fas-plus-square\" viewBox=\"0 0 448 512\" xmlns=\"http:\/\/www.w3.org\/2000\/svg\"><path d=\"M400 32H48C21.5 32 0 53.5 0 80v352c0 26.5 21.5 48 48 48h352c26.5 0 48-21.5 48-48V80c0-26.5-21.5-48-48-48zm-32 252c0 6.6-5.4 12-12 12h-92v92c0 6.6-5.4 12-12 12h-56c-6.6 0-12-5.4-12-12v-92H92c-6.6 0-12-5.4-12-12v-56c0-6.6 5.4-12 12-12h92v-92c0-6.6 5.4-12 12-12h56c6.6 0 12 5.4 12 12v92h92c6.6 0 12 5.4 12 12v56z\"><\/path><\/svg><\/span>\n\t\t<\/span>\n\n\t\t\t\t\t\t<\/summary>\n\t\t\t\t<div role=\"region\" aria-labelledby=\"e-n-accordion-item-7205\" class=\"elementor-element elementor-element-33cc88b e-flex e-con-boxed wpr-particle-no wpr-jarallax-no wpr-parallax-no wpr-sticky-section-no e-con e-child\" data-id=\"33cc88b\" data-element_type=\"container\">\n\t\t\t\t\t<div class=\"e-con-inner\">\n\t\t\t\t<div class=\"elementor-element elementor-element-b8bc3da elementor-widget elementor-widget-wp-widget-media_audio\" data-id=\"b8bc3da\" data-element_type=\"widget\" data-widget_type=\"wp-widget-media_audio.default\">\n\t\t\t\t<div class=\"elementor-widget-container\">\n\t\t\t\t\t<h5>Weggabelung &#8211; 28. September 2025 &#8211; Daniel M\u00fcller-Lutz<\/h5><audio class=\"wp-audio-shortcode\" id=\"audio-1925-16\" preload=\"none\" style=\"width: 100%;\" controls=\"controls\"><source type=\"audio\/mpeg\" src=\"https:\/\/oikos-schoetz.ch\/wordpress\/wp-content\/uploads\/2025\/10\/2025.09.28-Weggabelung-Daniel-Mueller-Lutz.mp3?_=16\" \/><source type=\"audio\/mpeg\" src=\"https:\/\/oikos-schoetz.ch\/wordpress\/wp-content\/uploads\/2025\/10\/2025.09.28-Weggabelung-Daniel-Mueller-Lutz.mp3?_=16\" \/><a href=\"https:\/\/oikos-schoetz.ch\/wordpress\/wp-content\/uploads\/2025\/10\/2025.09.28-Weggabelung-Daniel-Mueller-Lutz.mp3\">https:\/\/oikos-schoetz.ch\/wordpress\/wp-content\/uploads\/2025\/10\/2025.09.28-Weggabelung-Daniel-Mueller-Lutz.mp3<\/a><\/audio>\t\t\t\t<\/div>\n\t\t\t\t<\/div>\n\t\t\t\t<div class=\"elementor-element elementor-element-0a8843f elementor-widget elementor-widget-wp-widget-media_audio\" data-id=\"0a8843f\" data-element_type=\"widget\" data-widget_type=\"wp-widget-media_audio.default\">\n\t\t\t\t<div class=\"elementor-widget-container\">\n\t\t\t\t\t<h5>Dein Wille geschehe! &#8211; 14. September 2025 &#8211; Daniel M\u00fcller-Lutz<\/h5><audio class=\"wp-audio-shortcode\" id=\"audio-1925-17\" preload=\"none\" style=\"width: 100%;\" controls=\"controls\"><source type=\"audio\/mpeg\" src=\"https:\/\/oikos-schoetz.ch\/wordpress\/wp-content\/uploads\/2025\/09\/2025.09.14-Dein-Wille-geschehe-Daniel-Mueller-Lutz.mp3?_=17\" \/><source type=\"audio\/mpeg\" src=\"https:\/\/oikos-schoetz.ch\/wordpress\/wp-content\/uploads\/2025\/09\/2025.09.14-Dein-Wille-geschehe-Daniel-Mueller-Lutz.mp3?_=17\" \/><a href=\"https:\/\/oikos-schoetz.ch\/wordpress\/wp-content\/uploads\/2025\/09\/2025.09.14-Dein-Wille-geschehe-Daniel-Mueller-Lutz.mp3\">https:\/\/oikos-schoetz.ch\/wordpress\/wp-content\/uploads\/2025\/09\/2025.09.14-Dein-Wille-geschehe-Daniel-Mueller-Lutz.mp3<\/a><\/audio>\t\t\t\t<\/div>\n\t\t\t\t<\/div>\n\t\t\t\t\t<\/div>\n\t\t\t\t<\/div>\n\t\t\t\t\t<\/details>\n\t\t\t\t\t\t<details id=\"e-n-accordion-item-7206\" class=\"e-n-accordion-item\" >\n\t\t\t\t<summary class=\"e-n-accordion-item-title\" data-accordion-index=\"7\" tabindex=\"-1\" aria-expanded=\"false\" aria-controls=\"e-n-accordion-item-7206\" >\n\t\t\t\t\t<span class='e-n-accordion-item-title-header'><div class=\"e-n-accordion-item-title-text\"> August 2025 <\/div><\/span>\n\t\t\t\t\t\t\t<span class='e-n-accordion-item-title-icon'>\n\t\t\t<span class='e-opened' ><svg aria-hidden=\"true\" class=\"e-font-icon-svg e-fas-minus\" viewBox=\"0 0 448 512\" xmlns=\"http:\/\/www.w3.org\/2000\/svg\"><path d=\"M416 208H32c-17.67 0-32 14.33-32 32v32c0 17.67 14.33 32 32 32h384c17.67 0 32-14.33 32-32v-32c0-17.67-14.33-32-32-32z\"><\/path><\/svg><\/span>\n\t\t\t<span class='e-closed'><svg aria-hidden=\"true\" class=\"e-font-icon-svg e-fas-plus-square\" viewBox=\"0 0 448 512\" xmlns=\"http:\/\/www.w3.org\/2000\/svg\"><path d=\"M400 32H48C21.5 32 0 53.5 0 80v352c0 26.5 21.5 48 48 48h352c26.5 0 48-21.5 48-48V80c0-26.5-21.5-48-48-48zm-32 252c0 6.6-5.4 12-12 12h-92v92c0 6.6-5.4 12-12 12h-56c-6.6 0-12-5.4-12-12v-92H92c-6.6 0-12-5.4-12-12v-56c0-6.6 5.4-12 12-12h92v-92c0-6.6 5.4-12 12-12h56c6.6 0 12 5.4 12 12v92h92c6.6 0 12 5.4 12 12v56z\"><\/path><\/svg><\/span>\n\t\t<\/span>\n\n\t\t\t\t\t\t<\/summary>\n\t\t\t\t<div role=\"region\" aria-labelledby=\"e-n-accordion-item-7206\" class=\"elementor-element elementor-element-0063a5e e-flex e-con-boxed wpr-particle-no wpr-jarallax-no wpr-parallax-no wpr-sticky-section-no e-con e-child\" data-id=\"0063a5e\" data-element_type=\"container\">\n\t\t\t\t\t<div class=\"e-con-inner\">\n\t\t\t\t<div class=\"elementor-element elementor-element-fdfcd7a elementor-widget elementor-widget-wp-widget-media_audio\" data-id=\"fdfcd7a\" data-element_type=\"widget\" data-widget_type=\"wp-widget-media_audio.default\">\n\t\t\t\t<div class=\"elementor-widget-container\">\n\t\t\t\t\t<h5>Der vierte Mann im Ofen &#8211; 31. August 2025 &#8211; Mathias Marmet<\/h5><audio class=\"wp-audio-shortcode\" id=\"audio-1925-18\" preload=\"none\" style=\"width: 100%;\" controls=\"controls\"><source type=\"audio\/mpeg\" src=\"https:\/\/oikos-schoetz.ch\/wordpress\/wp-content\/uploads\/2025\/09\/2025.08.31Dervierte-Mann-im-Ofen-Mathias-Marmet.mp3?_=18\" \/><source type=\"audio\/mpeg\" src=\"https:\/\/oikos-schoetz.ch\/wordpress\/wp-content\/uploads\/2025\/09\/2025.08.31Dervierte-Mann-im-Ofen-Mathias-Marmet.mp3?_=18\" \/><a href=\"https:\/\/oikos-schoetz.ch\/wordpress\/wp-content\/uploads\/2025\/09\/2025.08.31Dervierte-Mann-im-Ofen-Mathias-Marmet.mp3\">https:\/\/oikos-schoetz.ch\/wordpress\/wp-content\/uploads\/2025\/09\/2025.08.31Dervierte-Mann-im-Ofen-Mathias-Marmet.mp3<\/a><\/audio>\t\t\t\t<\/div>\n\t\t\t\t<\/div>\n\t\t\t\t<div class=\"elementor-element elementor-element-b981fbb elementor-widget elementor-widget-wp-widget-media_audio\" data-id=\"b981fbb\" data-element_type=\"widget\" data-widget_type=\"wp-widget-media_audio.default\">\n\t\t\t\t<div class=\"elementor-widget-container\">\n\t\t\t\t\t<h5>Wenn Schweigen keine Option ist &#8211; Die Dringlichkeit des Evangeliums &#8211; 17. August 2025 &#8211; Jan Hunziker<\/h5><audio class=\"wp-audio-shortcode\" id=\"audio-1925-19\" preload=\"none\" style=\"width: 100%;\" controls=\"controls\"><source type=\"audio\/mpeg\" src=\"https:\/\/oikos-schoetz.ch\/wordpress\/wp-content\/uploads\/2025\/08\/2025.08.17-Wenn-Schweigen-keine-Option-ist-Die-Dringlichkeit-des-Evangeliums-Jan-Hunziker.mp3?_=19\" \/><source type=\"audio\/mpeg\" src=\"https:\/\/oikos-schoetz.ch\/wordpress\/wp-content\/uploads\/2025\/08\/2025.08.17-Wenn-Schweigen-keine-Option-ist-Die-Dringlichkeit-des-Evangeliums-Jan-Hunziker.mp3?_=19\" \/><a href=\"https:\/\/oikos-schoetz.ch\/wordpress\/wp-content\/uploads\/2025\/08\/2025.08.17-Wenn-Schweigen-keine-Option-ist-Die-Dringlichkeit-des-Evangeliums-Jan-Hunziker.mp3\">https:\/\/oikos-schoetz.ch\/wordpress\/wp-content\/uploads\/2025\/08\/2025.08.17-Wenn-Schweigen-keine-Option-ist-Die-Dringlichkeit-des-Evangeliums-Jan-Hunziker.mp3<\/a><\/audio>\t\t\t\t<\/div>\n\t\t\t\t<\/div>\n\t\t\t\t<div class=\"elementor-element elementor-element-c54c4b7 elementor-widget elementor-widget-wp-widget-media_audio\" data-id=\"c54c4b7\" data-element_type=\"widget\" data-widget_type=\"wp-widget-media_audio.default\">\n\t\t\t\t<div class=\"elementor-widget-container\">\n\t\t\t\t\t<h5>Kann ein Christ seine Erl\u00f6sung verlieren ? &#8211; Teil 2 &#8211; 03. August 2025 &#8211; Daniel M\u00fcller-Lutz<\/h5><audio class=\"wp-audio-shortcode\" id=\"audio-1925-20\" preload=\"none\" style=\"width: 100%;\" controls=\"controls\"><source type=\"audio\/mpeg\" src=\"https:\/\/oikos-schoetz.ch\/wordpress\/wp-content\/uploads\/2025\/08\/2025.09.03-Kann-ein-Christ-seine-Erloesung-verlieren-Teil-2-Daniel-Mueller-Lutz.mp3?_=20\" \/><source type=\"audio\/mpeg\" src=\"https:\/\/oikos-schoetz.ch\/wordpress\/wp-content\/uploads\/2025\/08\/2025.09.03-Kann-ein-Christ-seine-Erloesung-verlieren-Teil-2-Daniel-Mueller-Lutz.mp3?_=20\" \/><a href=\"https:\/\/oikos-schoetz.ch\/wordpress\/wp-content\/uploads\/2025\/08\/2025.09.03-Kann-ein-Christ-seine-Erloesung-verlieren-Teil-2-Daniel-Mueller-Lutz.mp3\">https:\/\/oikos-schoetz.ch\/wordpress\/wp-content\/uploads\/2025\/08\/2025.09.03-Kann-ein-Christ-seine-Erloesung-verlieren-Teil-2-Daniel-Mueller-Lutz.mp3<\/a><\/audio>\t\t\t\t<\/div>\n\t\t\t\t<\/div>\n\t\t\t\t\t<\/div>\n\t\t\t\t<\/div>\n\t\t\t\t\t<\/details>\n\t\t\t\t\t\t<details id=\"e-n-accordion-item-7207\" class=\"e-n-accordion-item\" >\n\t\t\t\t<summary class=\"e-n-accordion-item-title\" data-accordion-index=\"8\" tabindex=\"-1\" aria-expanded=\"false\" aria-controls=\"e-n-accordion-item-7207\" >\n\t\t\t\t\t<span class='e-n-accordion-item-title-header'><div class=\"e-n-accordion-item-title-text\"> Juli 2025 <\/div><\/span>\n\t\t\t\t\t\t\t<span class='e-n-accordion-item-title-icon'>\n\t\t\t<span class='e-opened' ><svg aria-hidden=\"true\" class=\"e-font-icon-svg e-fas-minus\" viewBox=\"0 0 448 512\" xmlns=\"http:\/\/www.w3.org\/2000\/svg\"><path d=\"M416 208H32c-17.67 0-32 14.33-32 32v32c0 17.67 14.33 32 32 32h384c17.67 0 32-14.33 32-32v-32c0-17.67-14.33-32-32-32z\"><\/path><\/svg><\/span>\n\t\t\t<span class='e-closed'><svg aria-hidden=\"true\" class=\"e-font-icon-svg e-fas-plus-square\" viewBox=\"0 0 448 512\" xmlns=\"http:\/\/www.w3.org\/2000\/svg\"><path d=\"M400 32H48C21.5 32 0 53.5 0 80v352c0 26.5 21.5 48 48 48h352c26.5 0 48-21.5 48-48V80c0-26.5-21.5-48-48-48zm-32 252c0 6.6-5.4 12-12 12h-92v92c0 6.6-5.4 12-12 12h-56c-6.6 0-12-5.4-12-12v-92H92c-6.6 0-12-5.4-12-12v-56c0-6.6 5.4-12 12-12h92v-92c0-6.6 5.4-12 12-12h56c6.6 0 12 5.4 12 12v92h92c6.6 0 12 5.4 12 12v56z\"><\/path><\/svg><\/span>\n\t\t<\/span>\n\n\t\t\t\t\t\t<\/summary>\n\t\t\t\t<div role=\"region\" aria-labelledby=\"e-n-accordion-item-7207\" class=\"elementor-element elementor-element-46ff632 e-flex e-con-boxed wpr-particle-no wpr-jarallax-no wpr-parallax-no wpr-sticky-section-no e-con e-child\" data-id=\"46ff632\" data-element_type=\"container\">\n\t\t\t\t\t<div class=\"e-con-inner\">\n\t\t\t\t<div class=\"elementor-element elementor-element-217bc00 elementor-widget elementor-widget-wp-widget-media_audio\" data-id=\"217bc00\" data-element_type=\"widget\" data-widget_type=\"wp-widget-media_audio.default\">\n\t\t\t\t<div class=\"elementor-widget-container\">\n\t\t\t\t\t<h5>Kann ein Christ seine Erl\u00f6sung verlieren ? &#8211; Teil 1 &#8211; 20. Juli 2025 &#8211; Daniel M\u00fcller-Lutz<\/h5><audio class=\"wp-audio-shortcode\" id=\"audio-1925-21\" preload=\"none\" style=\"width: 100%;\" controls=\"controls\"><source type=\"audio\/mpeg\" src=\"https:\/\/oikos-schoetz.ch\/wordpress\/wp-content\/uploads\/2025\/07\/2025.07.20-Kann-ein-Christ-seine-Erloesung-verlieren-DanielMueller-Lutz.mp3?_=21\" \/><source type=\"audio\/mpeg\" src=\"https:\/\/oikos-schoetz.ch\/wordpress\/wp-content\/uploads\/2025\/07\/2025.07.20-Kann-ein-Christ-seine-Erloesung-verlieren-DanielMueller-Lutz.mp3?_=21\" \/><a href=\"https:\/\/oikos-schoetz.ch\/wordpress\/wp-content\/uploads\/2025\/07\/2025.07.20-Kann-ein-Christ-seine-Erloesung-verlieren-DanielMueller-Lutz.mp3\">https:\/\/oikos-schoetz.ch\/wordpress\/wp-content\/uploads\/2025\/07\/2025.07.20-Kann-ein-Christ-seine-Erloesung-verlieren-DanielMueller-Lutz.mp3<\/a><\/audio>\t\t\t\t<\/div>\n\t\t\t\t<\/div>\n\t\t\t\t<div class=\"elementor-element elementor-element-e51ece3 elementor-widget elementor-widget-wp-widget-media_audio\" data-id=\"e51ece3\" data-element_type=\"widget\" data-widget_type=\"wp-widget-media_audio.default\">\n\t\t\t\t<div class=\"elementor-widget-container\">\n\t\t\t\t\t<h5>Die Israel-Connection &#8211; 06. Juli 2025 &#8211; Daniel M\u00fcller-Lutz<\/h5><audio class=\"wp-audio-shortcode\" id=\"audio-1925-22\" preload=\"none\" style=\"width: 100%;\" controls=\"controls\"><source type=\"audio\/mpeg\" src=\"https:\/\/oikos-schoetz.ch\/wordpress\/wp-content\/uploads\/2025\/07\/2025.07.06-Die-Israel-Connection-Daniel-Mueller-Lutz.mp3?_=22\" \/><source type=\"audio\/mpeg\" src=\"https:\/\/oikos-schoetz.ch\/wordpress\/wp-content\/uploads\/2025\/07\/2025.07.06-Die-Israel-Connection-Daniel-Mueller-Lutz.mp3?_=22\" \/><a href=\"https:\/\/oikos-schoetz.ch\/wordpress\/wp-content\/uploads\/2025\/07\/2025.07.06-Die-Israel-Connection-Daniel-Mueller-Lutz.mp3\">https:\/\/oikos-schoetz.ch\/wordpress\/wp-content\/uploads\/2025\/07\/2025.07.06-Die-Israel-Connection-Daniel-Mueller-Lutz.mp3<\/a><\/audio>\t\t\t\t<\/div>\n\t\t\t\t<\/div>\n\t\t\t\t\t<\/div>\n\t\t\t\t<\/div>\n\t\t\t\t\t<\/details>\n\t\t\t\t\t\t<details id=\"e-n-accordion-item-7208\" class=\"e-n-accordion-item\" >\n\t\t\t\t<summary class=\"e-n-accordion-item-title\" data-accordion-index=\"9\" tabindex=\"-1\" aria-expanded=\"false\" aria-controls=\"e-n-accordion-item-7208\" >\n\t\t\t\t\t<span class='e-n-accordion-item-title-header'><div class=\"e-n-accordion-item-title-text\"> Juni 2025 <\/div><\/span>\n\t\t\t\t\t\t\t<span class='e-n-accordion-item-title-icon'>\n\t\t\t<span class='e-opened' ><svg aria-hidden=\"true\" class=\"e-font-icon-svg e-fas-minus\" viewBox=\"0 0 448 512\" xmlns=\"http:\/\/www.w3.org\/2000\/svg\"><path d=\"M416 208H32c-17.67 0-32 14.33-32 32v32c0 17.67 14.33 32 32 32h384c17.67 0 32-14.33 32-32v-32c0-17.67-14.33-32-32-32z\"><\/path><\/svg><\/span>\n\t\t\t<span class='e-closed'><svg aria-hidden=\"true\" class=\"e-font-icon-svg e-fas-plus-square\" viewBox=\"0 0 448 512\" xmlns=\"http:\/\/www.w3.org\/2000\/svg\"><path d=\"M400 32H48C21.5 32 0 53.5 0 80v352c0 26.5 21.5 48 48 48h352c26.5 0 48-21.5 48-48V80c0-26.5-21.5-48-48-48zm-32 252c0 6.6-5.4 12-12 12h-92v92c0 6.6-5.4 12-12 12h-56c-6.6 0-12-5.4-12-12v-92H92c-6.6 0-12-5.4-12-12v-56c0-6.6 5.4-12 12-12h92v-92c0-6.6 5.4-12 12-12h56c6.6 0 12 5.4 12 12v92h92c6.6 0 12 5.4 12 12v56z\"><\/path><\/svg><\/span>\n\t\t<\/span>\n\n\t\t\t\t\t\t<\/summary>\n\t\t\t\t<div role=\"region\" aria-labelledby=\"e-n-accordion-item-7208\" class=\"elementor-element elementor-element-d3d9643 e-flex e-con-boxed wpr-particle-no wpr-jarallax-no wpr-parallax-no wpr-sticky-section-no e-con e-child\" data-id=\"d3d9643\" data-element_type=\"container\">\n\t\t\t\t\t<div class=\"e-con-inner\">\n\t\t\t\t<div class=\"elementor-element elementor-element-57944d1 elementor-widget elementor-widget-wp-widget-media_audio\" data-id=\"57944d1\" data-element_type=\"widget\" data-widget_type=\"wp-widget-media_audio.default\">\n\t\t\t\t<div class=\"elementor-widget-container\">\n\t\t\t\t\t<h5>Geschenke des heiligen Geistes &#8211; 22. Juni 2025 &#8211; Daniel M\u00fcller-Lutz<\/h5><audio class=\"wp-audio-shortcode\" id=\"audio-1925-23\" preload=\"none\" style=\"width: 100%;\" controls=\"controls\"><source type=\"audio\/mpeg\" src=\"https:\/\/oikos-schoetz.ch\/wordpress\/wp-content\/uploads\/2025\/06\/2025.06.22-Geschenke-des-Heiligen-Geistes-Daniel-Mueller-Lutz.mp3?_=23\" \/><source type=\"audio\/mpeg\" src=\"https:\/\/oikos-schoetz.ch\/wordpress\/wp-content\/uploads\/2025\/06\/2025.06.22-Geschenke-des-Heiligen-Geistes-Daniel-Mueller-Lutz.mp3?_=23\" \/><a href=\"https:\/\/oikos-schoetz.ch\/wordpress\/wp-content\/uploads\/2025\/06\/2025.06.22-Geschenke-des-Heiligen-Geistes-Daniel-Mueller-Lutz.mp3\">https:\/\/oikos-schoetz.ch\/wordpress\/wp-content\/uploads\/2025\/06\/2025.06.22-Geschenke-des-Heiligen-Geistes-Daniel-Mueller-Lutz.mp3<\/a><\/audio>\t\t\t\t<\/div>\n\t\t\t\t<\/div>\n\t\t\t\t<div class=\"elementor-element elementor-element-1a911c3 elementor-widget elementor-widget-wp-widget-media_audio\" data-id=\"1a911c3\" data-element_type=\"widget\" data-widget_type=\"wp-widget-media_audio.default\">\n\t\t\t\t<div class=\"elementor-widget-container\">\n\t\t\t\t\t<h5>Pfingsten &#8211; Das Feuer Gottes! &#8211; 08. Juni 2025 &#8211; Frank Vornheder<\/h5><audio class=\"wp-audio-shortcode\" id=\"audio-1925-24\" preload=\"none\" style=\"width: 100%;\" controls=\"controls\"><source type=\"audio\/mpeg\" src=\"https:\/\/oikos-schoetz.ch\/wordpress\/wp-content\/uploads\/2025\/06\/2025.06.08.-Pfingsten-Das-Feuer-Gottes-Frank-Vornheder.mp3?_=24\" \/><source type=\"audio\/mpeg\" src=\"https:\/\/oikos-schoetz.ch\/wordpress\/wp-content\/uploads\/2025\/06\/2025.06.08.-Pfingsten-Das-Feuer-Gottes-Frank-Vornheder.mp3?_=24\" \/><a href=\"https:\/\/oikos-schoetz.ch\/wordpress\/wp-content\/uploads\/2025\/06\/2025.06.08.-Pfingsten-Das-Feuer-Gottes-Frank-Vornheder.mp3\">https:\/\/oikos-schoetz.ch\/wordpress\/wp-content\/uploads\/2025\/06\/2025.06.08.-Pfingsten-Das-Feuer-Gottes-Frank-Vornheder.mp3<\/a><\/audio>\t\t\t\t<\/div>\n\t\t\t\t<\/div>\n\t\t\t\t\t<\/div>\n\t\t\t\t<\/div>\n\t\t\t\t\t<\/details>\n\t\t\t\t\t\t<details id=\"e-n-accordion-item-7209\" class=\"e-n-accordion-item\" >\n\t\t\t\t<summary class=\"e-n-accordion-item-title\" data-accordion-index=\"10\" tabindex=\"-1\" aria-expanded=\"false\" aria-controls=\"e-n-accordion-item-7209\" >\n\t\t\t\t\t<span class='e-n-accordion-item-title-header'><div class=\"e-n-accordion-item-title-text\"> Mai 2025 <\/div><\/span>\n\t\t\t\t\t\t\t<span class='e-n-accordion-item-title-icon'>\n\t\t\t<span class='e-opened' ><svg aria-hidden=\"true\" class=\"e-font-icon-svg e-fas-minus\" viewBox=\"0 0 448 512\" xmlns=\"http:\/\/www.w3.org\/2000\/svg\"><path d=\"M416 208H32c-17.67 0-32 14.33-32 32v32c0 17.67 14.33 32 32 32h384c17.67 0 32-14.33 32-32v-32c0-17.67-14.33-32-32-32z\"><\/path><\/svg><\/span>\n\t\t\t<span class='e-closed'><svg aria-hidden=\"true\" class=\"e-font-icon-svg e-fas-plus-square\" viewBox=\"0 0 448 512\" xmlns=\"http:\/\/www.w3.org\/2000\/svg\"><path d=\"M400 32H48C21.5 32 0 53.5 0 80v352c0 26.5 21.5 48 48 48h352c26.5 0 48-21.5 48-48V80c0-26.5-21.5-48-48-48zm-32 252c0 6.6-5.4 12-12 12h-92v92c0 6.6-5.4 12-12 12h-56c-6.6 0-12-5.4-12-12v-92H92c-6.6 0-12-5.4-12-12v-56c0-6.6 5.4-12 12-12h92v-92c0-6.6 5.4-12 12-12h56c6.6 0 12 5.4 12 12v92h92c6.6 0 12 5.4 12 12v56z\"><\/path><\/svg><\/span>\n\t\t<\/span>\n\n\t\t\t\t\t\t<\/summary>\n\t\t\t\t<div role=\"region\" aria-labelledby=\"e-n-accordion-item-7209\" class=\"elementor-element elementor-element-7f988e2 e-flex e-con-boxed wpr-particle-no wpr-jarallax-no wpr-parallax-no wpr-sticky-section-no e-con e-child\" data-id=\"7f988e2\" data-element_type=\"container\">\n\t\t\t\t\t<div class=\"e-con-inner\">\n\t\t\t\t<div class=\"elementor-element elementor-element-bd777ca elementor-widget elementor-widget-wp-widget-media_audio\" data-id=\"bd777ca\" data-element_type=\"widget\" data-widget_type=\"wp-widget-media_audio.default\">\n\t\t\t\t<div class=\"elementor-widget-container\">\n\t\t\t\t\t<h5>Die Frucht des Heiligen Geistes &#8211; Teil 2 &#8211; 25. Mai 2025 &#8211; Daniel M\u00fcller-Lutz<\/h5><audio class=\"wp-audio-shortcode\" id=\"audio-1925-25\" preload=\"none\" style=\"width: 100%;\" controls=\"controls\"><source type=\"audio\/mpeg\" src=\"https:\/\/oikos-schoetz.ch\/wordpress\/wp-content\/uploads\/2025\/05\/2025.05.25-Die-Frucht-des-Heiligen-Geistes-2-Daniel-Mueller-Lutz.mp3?_=25\" \/><source type=\"audio\/mpeg\" src=\"https:\/\/oikos-schoetz.ch\/wordpress\/wp-content\/uploads\/2025\/05\/2025.05.25-Die-Frucht-des-Heiligen-Geistes-2-Daniel-Mueller-Lutz.mp3?_=25\" \/><a href=\"https:\/\/oikos-schoetz.ch\/wordpress\/wp-content\/uploads\/2025\/05\/2025.05.25-Die-Frucht-des-Heiligen-Geistes-2-Daniel-Mueller-Lutz.mp3\">https:\/\/oikos-schoetz.ch\/wordpress\/wp-content\/uploads\/2025\/05\/2025.05.25-Die-Frucht-des-Heiligen-Geistes-2-Daniel-Mueller-Lutz.mp3<\/a><\/audio>\t\t\t\t<\/div>\n\t\t\t\t<\/div>\n\t\t\t\t<div class=\"elementor-element elementor-element-8ca342b elementor-widget elementor-widget-wp-widget-media_audio\" data-id=\"8ca342b\" data-element_type=\"widget\" data-widget_type=\"wp-widget-media_audio.default\">\n\t\t\t\t<div class=\"elementor-widget-container\">\n\t\t\t\t\t<h5>Die Frucht des Heiligen Geistes &#8211; Teil 1 &#8211; 11. Mai 2025 &#8211; Daniel M\u00fcller-Lutz<\/h5><audio class=\"wp-audio-shortcode\" id=\"audio-1925-26\" preload=\"none\" style=\"width: 100%;\" controls=\"controls\"><source type=\"audio\/mpeg\" src=\"https:\/\/oikos-schoetz.ch\/wordpress\/wp-content\/uploads\/2025\/05\/2025.05.11-Die-Frucht-des-Heiligen-Geistes-Teil1-Daniel-Mueller-Lutz.mp3?_=26\" \/><source type=\"audio\/mpeg\" src=\"https:\/\/oikos-schoetz.ch\/wordpress\/wp-content\/uploads\/2025\/05\/2025.05.11-Die-Frucht-des-Heiligen-Geistes-Teil1-Daniel-Mueller-Lutz.mp3?_=26\" \/><a href=\"https:\/\/oikos-schoetz.ch\/wordpress\/wp-content\/uploads\/2025\/05\/2025.05.11-Die-Frucht-des-Heiligen-Geistes-Teil1-Daniel-Mueller-Lutz.mp3\">https:\/\/oikos-schoetz.ch\/wordpress\/wp-content\/uploads\/2025\/05\/2025.05.11-Die-Frucht-des-Heiligen-Geistes-Teil1-Daniel-Mueller-Lutz.mp3<\/a><\/audio>\t\t\t\t<\/div>\n\t\t\t\t<\/div>\n\t\t\t\t\t<\/div>\n\t\t\t\t<\/div>\n\t\t\t\t\t<\/details>\n\t\t\t\t\t\t<details id=\"e-n-accordion-item-72010\" class=\"e-n-accordion-item\" >\n\t\t\t\t<summary class=\"e-n-accordion-item-title\" data-accordion-index=\"11\" tabindex=\"-1\" aria-expanded=\"false\" aria-controls=\"e-n-accordion-item-72010\" >\n\t\t\t\t\t<span class='e-n-accordion-item-title-header'><div class=\"e-n-accordion-item-title-text\"> April 2025 <\/div><\/span>\n\t\t\t\t\t\t\t<span class='e-n-accordion-item-title-icon'>\n\t\t\t<span class='e-opened' ><svg aria-hidden=\"true\" class=\"e-font-icon-svg e-fas-minus\" viewBox=\"0 0 448 512\" xmlns=\"http:\/\/www.w3.org\/2000\/svg\"><path d=\"M416 208H32c-17.67 0-32 14.33-32 32v32c0 17.67 14.33 32 32 32h384c17.67 0 32-14.33 32-32v-32c0-17.67-14.33-32-32-32z\"><\/path><\/svg><\/span>\n\t\t\t<span class='e-closed'><svg aria-hidden=\"true\" class=\"e-font-icon-svg e-fas-plus-square\" viewBox=\"0 0 448 512\" xmlns=\"http:\/\/www.w3.org\/2000\/svg\"><path d=\"M400 32H48C21.5 32 0 53.5 0 80v352c0 26.5 21.5 48 48 48h352c26.5 0 48-21.5 48-48V80c0-26.5-21.5-48-48-48zm-32 252c0 6.6-5.4 12-12 12h-92v92c0 6.6-5.4 12-12 12h-56c-6.6 0-12-5.4-12-12v-92H92c-6.6 0-12-5.4-12-12v-56c0-6.6 5.4-12 12-12h92v-92c0-6.6 5.4-12 12-12h56c6.6 0 12 5.4 12 12v92h92c6.6 0 12 5.4 12 12v56z\"><\/path><\/svg><\/span>\n\t\t<\/span>\n\n\t\t\t\t\t\t<\/summary>\n\t\t\t\t<div role=\"region\" aria-labelledby=\"e-n-accordion-item-72010\" class=\"elementor-element elementor-element-62d44f7 e-flex e-con-boxed wpr-particle-no wpr-jarallax-no wpr-parallax-no wpr-sticky-section-no e-con e-child\" data-id=\"62d44f7\" data-element_type=\"container\">\n\t\t\t\t\t<div class=\"e-con-inner\">\n\t\t\t\t<div class=\"elementor-element elementor-element-d210e7a elementor-widget elementor-widget-wp-widget-media_audio\" data-id=\"d210e7a\" data-element_type=\"widget\" data-widget_type=\"wp-widget-media_audio.default\">\n\t\t\t\t<div class=\"elementor-widget-container\">\n\t\t\t\t\t<h5>Dreieinigkeit &#8211; Den heiligen Geist kennenlernen &#8211; 27. April 2025 &#8211; Frank Vornheder<\/h5><audio class=\"wp-audio-shortcode\" id=\"audio-1925-27\" preload=\"none\" style=\"width: 100%;\" controls=\"controls\"><source type=\"audio\/mpeg\" src=\"https:\/\/oikos-schoetz.ch\/wordpress\/wp-content\/uploads\/2025\/05\/2025.04.27-Trinitaet-Den-heiligen-Geist-kennenlernen-Frank-Vornheder.mp3?_=27\" \/><source type=\"audio\/mpeg\" src=\"https:\/\/oikos-schoetz.ch\/wordpress\/wp-content\/uploads\/2025\/05\/2025.04.27-Trinitaet-Den-heiligen-Geist-kennenlernen-Frank-Vornheder.mp3?_=27\" \/><a href=\"https:\/\/oikos-schoetz.ch\/wordpress\/wp-content\/uploads\/2025\/05\/2025.04.27-Trinitaet-Den-heiligen-Geist-kennenlernen-Frank-Vornheder.mp3\">https:\/\/oikos-schoetz.ch\/wordpress\/wp-content\/uploads\/2025\/05\/2025.04.27-Trinitaet-Den-heiligen-Geist-kennenlernen-Frank-Vornheder.mp3<\/a><\/audio>\t\t\t\t<\/div>\n\t\t\t\t<\/div>\n\t\t\t\t<div class=\"elementor-element elementor-element-5b87f79 elementor-widget elementor-widget-wp-widget-media_audio\" data-id=\"5b87f79\" data-element_type=\"widget\" data-widget_type=\"wp-widget-media_audio.default\">\n\t\t\t\t<div class=\"elementor-widget-container\">\n\t\t\t\t\t<h5>Dreieinigkeit &#8211; Gott den Vater kennenlernen &#8211; 13. April 2025 &#8211; Daniel M\u00fcller-Lutz<\/h5><audio class=\"wp-audio-shortcode\" id=\"audio-1925-28\" preload=\"none\" style=\"width: 100%;\" controls=\"controls\"><source type=\"audio\/mpeg\" src=\"https:\/\/oikos-schoetz.ch\/wordpress\/wp-content\/uploads\/2025\/04\/2025.04.13-Gott-den-Vater-kennenlernen-Daniel-Mueller-Lutz.mp3?_=28\" \/><source type=\"audio\/mpeg\" src=\"https:\/\/oikos-schoetz.ch\/wordpress\/wp-content\/uploads\/2025\/04\/2025.04.13-Gott-den-Vater-kennenlernen-Daniel-Mueller-Lutz.mp3?_=28\" \/><a href=\"https:\/\/oikos-schoetz.ch\/wordpress\/wp-content\/uploads\/2025\/04\/2025.04.13-Gott-den-Vater-kennenlernen-Daniel-Mueller-Lutz.mp3\">https:\/\/oikos-schoetz.ch\/wordpress\/wp-content\/uploads\/2025\/04\/2025.04.13-Gott-den-Vater-kennenlernen-Daniel-Mueller-Lutz.mp3<\/a><\/audio>\t\t\t\t<\/div>\n\t\t\t\t<\/div>\n\t\t\t\t\t<\/div>\n\t\t\t\t<\/div>\n\t\t\t\t\t<\/details>\n\t\t\t\t\t\t<details id=\"e-n-accordion-item-72011\" class=\"e-n-accordion-item\" >\n\t\t\t\t<summary class=\"e-n-accordion-item-title\" data-accordion-index=\"12\" tabindex=\"-1\" aria-expanded=\"false\" aria-controls=\"e-n-accordion-item-72011\" >\n\t\t\t\t\t<span class='e-n-accordion-item-title-header'><div class=\"e-n-accordion-item-title-text\"> M\u00e4rz 2025 <\/div><\/span>\n\t\t\t\t\t\t\t<span class='e-n-accordion-item-title-icon'>\n\t\t\t<span class='e-opened' ><svg aria-hidden=\"true\" class=\"e-font-icon-svg e-fas-minus\" viewBox=\"0 0 448 512\" xmlns=\"http:\/\/www.w3.org\/2000\/svg\"><path d=\"M416 208H32c-17.67 0-32 14.33-32 32v32c0 17.67 14.33 32 32 32h384c17.67 0 32-14.33 32-32v-32c0-17.67-14.33-32-32-32z\"><\/path><\/svg><\/span>\n\t\t\t<span class='e-closed'><svg aria-hidden=\"true\" class=\"e-font-icon-svg e-fas-plus-square\" viewBox=\"0 0 448 512\" xmlns=\"http:\/\/www.w3.org\/2000\/svg\"><path d=\"M400 32H48C21.5 32 0 53.5 0 80v352c0 26.5 21.5 48 48 48h352c26.5 0 48-21.5 48-48V80c0-26.5-21.5-48-48-48zm-32 252c0 6.6-5.4 12-12 12h-92v92c0 6.6-5.4 12-12 12h-56c-6.6 0-12-5.4-12-12v-92H92c-6.6 0-12-5.4-12-12v-56c0-6.6 5.4-12 12-12h92v-92c0-6.6 5.4-12 12-12h56c6.6 0 12 5.4 12 12v92h92c6.6 0 12 5.4 12 12v56z\"><\/path><\/svg><\/span>\n\t\t<\/span>\n\n\t\t\t\t\t\t<\/summary>\n\t\t\t\t<div role=\"region\" aria-labelledby=\"e-n-accordion-item-72011\" class=\"elementor-element elementor-element-234c284 e-flex e-con-boxed wpr-particle-no wpr-jarallax-no wpr-parallax-no wpr-sticky-section-no e-con e-child\" data-id=\"234c284\" data-element_type=\"container\">\n\t\t\t\t\t<div class=\"e-con-inner\">\n\t\t\t\t<div class=\"elementor-element elementor-element-011ec41 elementor-widget elementor-widget-wp-widget-media_audio\" data-id=\"011ec41\" data-element_type=\"widget\" data-widget_type=\"wp-widget-media_audio.default\">\n\t\t\t\t<div class=\"elementor-widget-container\">\n\t\t\t\t\t<h5>Dreieinigkeit &#8211; Jesus Christus kennenlernen &#8211; 30. M\u00e4rz 2025 &#8211; Daniel M\u00fcller-Lutz<\/h5><audio class=\"wp-audio-shortcode\" id=\"audio-1925-29\" preload=\"none\" style=\"width: 100%;\" controls=\"controls\"><source type=\"audio\/mpeg\" src=\"https:\/\/oikos-schoetz.ch\/wordpress\/wp-content\/uploads\/2025\/03\/2025.03.30-Dreieinigkeit-Jesus-kennenlernen-Daniel-Mueller-Lutz.mp3?_=29\" \/><source type=\"audio\/mpeg\" src=\"https:\/\/oikos-schoetz.ch\/wordpress\/wp-content\/uploads\/2025\/03\/2025.03.30-Dreieinigkeit-Jesus-kennenlernen-Daniel-Mueller-Lutz.mp3?_=29\" \/><a href=\"https:\/\/oikos-schoetz.ch\/wordpress\/wp-content\/uploads\/2025\/03\/2025.03.30-Dreieinigkeit-Jesus-kennenlernen-Daniel-Mueller-Lutz.mp3\">https:\/\/oikos-schoetz.ch\/wordpress\/wp-content\/uploads\/2025\/03\/2025.03.30-Dreieinigkeit-Jesus-kennenlernen-Daniel-Mueller-Lutz.mp3<\/a><\/audio>\t\t\t\t<\/div>\n\t\t\t\t<\/div>\n\t\t\t\t<div class=\"elementor-element elementor-element-95663f7 elementor-widget elementor-widget-wp-widget-media_audio\" data-id=\"95663f7\" data-element_type=\"widget\" data-widget_type=\"wp-widget-media_audio.default\">\n\t\t\t\t<div class=\"elementor-widget-container\">\n\t\t\t\t\t<h5>Du bist so anders! Was ist los mit dir? &#8211; 16. M\u00e4rz 2025 &#8211; Daniel M\u00fcller-Lutz<\/h5><audio class=\"wp-audio-shortcode\" id=\"audio-1925-30\" preload=\"none\" style=\"width: 100%;\" controls=\"controls\"><source type=\"audio\/mpeg\" src=\"https:\/\/oikos-schoetz.ch\/wordpress\/wp-content\/uploads\/2025\/03\/2025.03.16-Du-bist-so-anders-was-ist-los-mit-dir-Daniel-Mueller-Lutz.mp3?_=30\" \/><source type=\"audio\/mpeg\" src=\"https:\/\/oikos-schoetz.ch\/wordpress\/wp-content\/uploads\/2025\/03\/2025.03.16-Du-bist-so-anders-was-ist-los-mit-dir-Daniel-Mueller-Lutz.mp3?_=30\" \/><a href=\"https:\/\/oikos-schoetz.ch\/wordpress\/wp-content\/uploads\/2025\/03\/2025.03.16-Du-bist-so-anders-was-ist-los-mit-dir-Daniel-Mueller-Lutz.mp3\">https:\/\/oikos-schoetz.ch\/wordpress\/wp-content\/uploads\/2025\/03\/2025.03.16-Du-bist-so-anders-was-ist-los-mit-dir-Daniel-Mueller-Lutz.mp3<\/a><\/audio>\t\t\t\t<\/div>\n\t\t\t\t<\/div>\n\t\t\t\t<div class=\"elementor-element elementor-element-4c110f5 elementor-widget elementor-widget-wp-widget-media_audio\" data-id=\"4c110f5\" data-element_type=\"widget\" data-widget_type=\"wp-widget-media_audio.default\">\n\t\t\t\t<div class=\"elementor-widget-container\">\n\t\t\t\t\t<h5>Abendmahl &#8211; 02. M\u00e4rz 2025 &#8211; Daniel M\u00fcller-Lutz<\/h5><audio class=\"wp-audio-shortcode\" id=\"audio-1925-31\" preload=\"none\" style=\"width: 100%;\" controls=\"controls\"><source type=\"audio\/mpeg\" src=\"https:\/\/oikos-schoetz.ch\/wordpress\/wp-content\/uploads\/2025\/03\/2025-03-02-Abendmahl-Daniel-Mueller-Lutz.mp3?_=31\" \/><source type=\"audio\/mpeg\" src=\"https:\/\/oikos-schoetz.ch\/wordpress\/wp-content\/uploads\/2025\/03\/2025-03-02-Abendmahl-Daniel-Mueller-Lutz.mp3?_=31\" \/><a href=\"https:\/\/oikos-schoetz.ch\/wordpress\/wp-content\/uploads\/2025\/03\/2025-03-02-Abendmahl-Daniel-Mueller-Lutz.mp3\">https:\/\/oikos-schoetz.ch\/wordpress\/wp-content\/uploads\/2025\/03\/2025-03-02-Abendmahl-Daniel-Mueller-Lutz.mp3<\/a><\/audio>\t\t\t\t<\/div>\n\t\t\t\t<\/div>\n\t\t\t\t\t<\/div>\n\t\t\t\t<\/div>\n\t\t\t\t\t<\/details>\n\t\t\t\t\t\t<details id=\"e-n-accordion-item-72012\" class=\"e-n-accordion-item\" >\n\t\t\t\t<summary class=\"e-n-accordion-item-title\" data-accordion-index=\"13\" tabindex=\"-1\" aria-expanded=\"false\" aria-controls=\"e-n-accordion-item-72012\" >\n\t\t\t\t\t<span class='e-n-accordion-item-title-header'><div class=\"e-n-accordion-item-title-text\"> Februar 2025 <\/div><\/span>\n\t\t\t\t\t\t\t<span class='e-n-accordion-item-title-icon'>\n\t\t\t<span class='e-opened' ><svg aria-hidden=\"true\" class=\"e-font-icon-svg e-fas-minus\" viewBox=\"0 0 448 512\" xmlns=\"http:\/\/www.w3.org\/2000\/svg\"><path d=\"M416 208H32c-17.67 0-32 14.33-32 32v32c0 17.67 14.33 32 32 32h384c17.67 0 32-14.33 32-32v-32c0-17.67-14.33-32-32-32z\"><\/path><\/svg><\/span>\n\t\t\t<span class='e-closed'><svg aria-hidden=\"true\" class=\"e-font-icon-svg e-fas-plus-square\" viewBox=\"0 0 448 512\" xmlns=\"http:\/\/www.w3.org\/2000\/svg\"><path d=\"M400 32H48C21.5 32 0 53.5 0 80v352c0 26.5 21.5 48 48 48h352c26.5 0 48-21.5 48-48V80c0-26.5-21.5-48-48-48zm-32 252c0 6.6-5.4 12-12 12h-92v92c0 6.6-5.4 12-12 12h-56c-6.6 0-12-5.4-12-12v-92H92c-6.6 0-12-5.4-12-12v-56c0-6.6 5.4-12 12-12h92v-92c0-6.6 5.4-12 12-12h56c6.6 0 12 5.4 12 12v92h92c6.6 0 12 5.4 12 12v56z\"><\/path><\/svg><\/span>\n\t\t<\/span>\n\n\t\t\t\t\t\t<\/summary>\n\t\t\t\t<div role=\"region\" aria-labelledby=\"e-n-accordion-item-72012\" class=\"elementor-element elementor-element-706d889 e-flex e-con-boxed wpr-particle-no wpr-jarallax-no wpr-parallax-no wpr-sticky-section-no e-con e-child\" data-id=\"706d889\" data-element_type=\"container\">\n\t\t\t\t\t<div class=\"e-con-inner\">\n\t\t\t\t<div class=\"elementor-element elementor-element-267664d elementor-widget elementor-widget-wp-widget-media_audio\" data-id=\"267664d\" data-element_type=\"widget\" data-widget_type=\"wp-widget-media_audio.default\">\n\t\t\t\t<div class=\"elementor-widget-container\">\n\t\t\t\t\t<h5>Beh\u00fcte dein Herz! &#8211; 16. Februar 2025 &#8211; Jan &#038; Damaris Hunziker<\/h5><audio class=\"wp-audio-shortcode\" id=\"audio-1925-32\" preload=\"none\" style=\"width: 100%;\" controls=\"controls\"><source type=\"audio\/mpeg\" src=\"https:\/\/oikos-schoetz.ch\/wordpress\/wp-content\/uploads\/2025\/03\/2025-02-16-Behuete-dein-Herz-Jan-Damaris-Hunziker.mp3?_=32\" \/><source type=\"audio\/mpeg\" src=\"https:\/\/oikos-schoetz.ch\/wordpress\/wp-content\/uploads\/2025\/03\/2025-02-16-Behuete-dein-Herz-Jan-Damaris-Hunziker.mp3?_=32\" \/><a href=\"https:\/\/oikos-schoetz.ch\/wordpress\/wp-content\/uploads\/2025\/03\/2025-02-16-Behuete-dein-Herz-Jan-Damaris-Hunziker.mp3\">https:\/\/oikos-schoetz.ch\/wordpress\/wp-content\/uploads\/2025\/03\/2025-02-16-Behuete-dein-Herz-Jan-Damaris-Hunziker.mp3<\/a><\/audio>\t\t\t\t<\/div>\n\t\t\t\t<\/div>\n\t\t\t\t<div class=\"elementor-element elementor-element-f3f86a9 elementor-widget elementor-widget-wp-widget-media_audio\" data-id=\"f3f86a9\" data-element_type=\"widget\" data-widget_type=\"wp-widget-media_audio.default\">\n\t\t\t\t<div class=\"elementor-widget-container\">\n\t\t\t\t\t<h5>Unser Vater im Himmel, Teil 2 &#8211; 02. Februar 2025 &#8211; Daniel M\u00fcller-Lutz<\/h5><audio class=\"wp-audio-shortcode\" id=\"audio-1925-33\" preload=\"none\" style=\"width: 100%;\" controls=\"controls\"><source type=\"audio\/mpeg\" src=\"https:\/\/oikos-schoetz.ch\/wordpress\/wp-content\/uploads\/2025\/03\/2025-02-02-Unser-Vater-im-Himmel-Teil-2-Daniel-Mueller-Lutz.mp3?_=33\" \/><source type=\"audio\/mpeg\" src=\"https:\/\/oikos-schoetz.ch\/wordpress\/wp-content\/uploads\/2025\/03\/2025-02-02-Unser-Vater-im-Himmel-Teil-2-Daniel-Mueller-Lutz.mp3?_=33\" \/><a href=\"https:\/\/oikos-schoetz.ch\/wordpress\/wp-content\/uploads\/2025\/03\/2025-02-02-Unser-Vater-im-Himmel-Teil-2-Daniel-Mueller-Lutz.mp3\">https:\/\/oikos-schoetz.ch\/wordpress\/wp-content\/uploads\/2025\/03\/2025-02-02-Unser-Vater-im-Himmel-Teil-2-Daniel-Mueller-Lutz.mp3<\/a><\/audio>\t\t\t\t<\/div>\n\t\t\t\t<\/div>\n\t\t\t\t\t<\/div>\n\t\t\t\t<\/div>\n\t\t\t\t\t<\/details>\n\t\t\t\t\t\t<details id=\"e-n-accordion-item-72013\" class=\"e-n-accordion-item\" >\n\t\t\t\t<summary class=\"e-n-accordion-item-title\" data-accordion-index=\"14\" tabindex=\"-1\" aria-expanded=\"false\" aria-controls=\"e-n-accordion-item-72013\" >\n\t\t\t\t\t<span class='e-n-accordion-item-title-header'><div class=\"e-n-accordion-item-title-text\"> Januar 2025 <\/div><\/span>\n\t\t\t\t\t\t\t<span class='e-n-accordion-item-title-icon'>\n\t\t\t<span class='e-opened' ><svg aria-hidden=\"true\" class=\"e-font-icon-svg e-fas-minus\" viewBox=\"0 0 448 512\" xmlns=\"http:\/\/www.w3.org\/2000\/svg\"><path d=\"M416 208H32c-17.67 0-32 14.33-32 32v32c0 17.67 14.33 32 32 32h384c17.67 0 32-14.33 32-32v-32c0-17.67-14.33-32-32-32z\"><\/path><\/svg><\/span>\n\t\t\t<span class='e-closed'><svg aria-hidden=\"true\" class=\"e-font-icon-svg e-fas-plus-square\" viewBox=\"0 0 448 512\" xmlns=\"http:\/\/www.w3.org\/2000\/svg\"><path d=\"M400 32H48C21.5 32 0 53.5 0 80v352c0 26.5 21.5 48 48 48h352c26.5 0 48-21.5 48-48V80c0-26.5-21.5-48-48-48zm-32 252c0 6.6-5.4 12-12 12h-92v92c0 6.6-5.4 12-12 12h-56c-6.6 0-12-5.4-12-12v-92H92c-6.6 0-12-5.4-12-12v-56c0-6.6 5.4-12 12-12h92v-92c0-6.6 5.4-12 12-12h56c6.6 0 12 5.4 12 12v92h92c6.6 0 12 5.4 12 12v56z\"><\/path><\/svg><\/span>\n\t\t<\/span>\n\n\t\t\t\t\t\t<\/summary>\n\t\t\t\t<div role=\"region\" aria-labelledby=\"e-n-accordion-item-72013\" class=\"elementor-element elementor-element-cd6698f e-flex e-con-boxed wpr-particle-no wpr-jarallax-no wpr-parallax-no wpr-sticky-section-no e-con e-child\" data-id=\"cd6698f\" data-element_type=\"container\">\n\t\t\t\t\t<div class=\"e-con-inner\">\n\t\t\t\t<div class=\"elementor-element elementor-element-d3fc350 elementor-widget elementor-widget-wp-widget-media_audio\" data-id=\"d3fc350\" data-element_type=\"widget\" data-widget_type=\"wp-widget-media_audio.default\">\n\t\t\t\t<div class=\"elementor-widget-container\">\n\t\t\t\t\t<h5>Unser Vater im Himmel, Teil 1 &#8211; 19. Januar 2025 &#8211; Daniel M\u00fcller-Lutz<\/h5><audio class=\"wp-audio-shortcode\" id=\"audio-1925-34\" preload=\"none\" style=\"width: 100%;\" controls=\"controls\"><source type=\"audio\/mpeg\" src=\"https:\/\/oikos-schoetz.ch\/wordpress\/wp-content\/uploads\/2025\/03\/2025-01-19-Unser-Vater-im-Himmel-Teil-1-Daniel-Mueller-Lutz.mp3?_=34\" \/><source type=\"audio\/mpeg\" src=\"https:\/\/oikos-schoetz.ch\/wordpress\/wp-content\/uploads\/2025\/03\/2025-01-19-Unser-Vater-im-Himmel-Teil-1-Daniel-Mueller-Lutz.mp3?_=34\" \/><a href=\"https:\/\/oikos-schoetz.ch\/wordpress\/wp-content\/uploads\/2025\/03\/2025-01-19-Unser-Vater-im-Himmel-Teil-1-Daniel-Mueller-Lutz.mp3\">https:\/\/oikos-schoetz.ch\/wordpress\/wp-content\/uploads\/2025\/03\/2025-01-19-Unser-Vater-im-Himmel-Teil-1-Daniel-Mueller-Lutz.mp3<\/a><\/audio>\t\t\t\t<\/div>\n\t\t\t\t<\/div>\n\t\t\t\t<div class=\"elementor-element elementor-element-87018ea elementor-widget elementor-widget-wp-widget-media_audio\" data-id=\"87018ea\" data-element_type=\"widget\" data-widget_type=\"wp-widget-media_audio.default\">\n\t\t\t\t<div class=\"elementor-widget-container\">\n\t\t\t\t\t<h5>Pr\u00fcfet alles und das Gute behaltet &#8211; 05. Januar 2025 &#8211; Daniel M\u00fcller-Lutz<\/h5><audio class=\"wp-audio-shortcode\" id=\"audio-1925-35\" preload=\"none\" style=\"width: 100%;\" controls=\"controls\"><source type=\"audio\/mpeg\" src=\"https:\/\/oikos-schoetz.ch\/wordpress\/wp-content\/uploads\/2025\/03\/2025-01-05-Pruefet-alles-und-das-Gute-behaltet-Daniel-Mueller-Lutz.mp3?_=35\" \/><source type=\"audio\/mpeg\" src=\"https:\/\/oikos-schoetz.ch\/wordpress\/wp-content\/uploads\/2025\/03\/2025-01-05-Pruefet-alles-und-das-Gute-behaltet-Daniel-Mueller-Lutz.mp3?_=35\" \/><a href=\"https:\/\/oikos-schoetz.ch\/wordpress\/wp-content\/uploads\/2025\/03\/2025-01-05-Pruefet-alles-und-das-Gute-behaltet-Daniel-Mueller-Lutz.mp3\">https:\/\/oikos-schoetz.ch\/wordpress\/wp-content\/uploads\/2025\/03\/2025-01-05-Pruefet-alles-und-das-Gute-behaltet-Daniel-Mueller-Lutz.mp3<\/a><\/audio>\t\t\t\t<\/div>\n\t\t\t\t<\/div>\n\t\t\t\t\t<\/div>\n\t\t\t\t<\/div>\n\t\t\t\t\t<\/details>\n\t\t\t\t\t\t<details id=\"e-n-accordion-item-72014\" class=\"e-n-accordion-item\" >\n\t\t\t\t<summary class=\"e-n-accordion-item-title\" data-accordion-index=\"15\" tabindex=\"-1\" aria-expanded=\"false\" aria-controls=\"e-n-accordion-item-72014\" >\n\t\t\t\t\t<span class='e-n-accordion-item-title-header'><div class=\"e-n-accordion-item-title-text\"> September bis Dezember 2024 <\/div><\/span>\n\t\t\t\t\t\t\t<span class='e-n-accordion-item-title-icon'>\n\t\t\t<span class='e-opened' ><svg aria-hidden=\"true\" class=\"e-font-icon-svg e-fas-minus\" viewBox=\"0 0 448 512\" xmlns=\"http:\/\/www.w3.org\/2000\/svg\"><path d=\"M416 208H32c-17.67 0-32 14.33-32 32v32c0 17.67 14.33 32 32 32h384c17.67 0 32-14.33 32-32v-32c0-17.67-14.33-32-32-32z\"><\/path><\/svg><\/span>\n\t\t\t<span class='e-closed'><svg aria-hidden=\"true\" class=\"e-font-icon-svg e-fas-plus-square\" viewBox=\"0 0 448 512\" xmlns=\"http:\/\/www.w3.org\/2000\/svg\"><path d=\"M400 32H48C21.5 32 0 53.5 0 80v352c0 26.5 21.5 48 48 48h352c26.5 0 48-21.5 48-48V80c0-26.5-21.5-48-48-48zm-32 252c0 6.6-5.4 12-12 12h-92v92c0 6.6-5.4 12-12 12h-56c-6.6 0-12-5.4-12-12v-92H92c-6.6 0-12-5.4-12-12v-56c0-6.6 5.4-12 12-12h92v-92c0-6.6 5.4-12 12-12h56c6.6 0 12 5.4 12 12v92h92c6.6 0 12 5.4 12 12v56z\"><\/path><\/svg><\/span>\n\t\t<\/span>\n\n\t\t\t\t\t\t<\/summary>\n\t\t\t\t<div role=\"region\" aria-labelledby=\"e-n-accordion-item-72014\" class=\"elementor-element elementor-element-5ede4d3 e-flex e-con-boxed wpr-particle-no wpr-jarallax-no wpr-parallax-no wpr-sticky-section-no e-con e-child\" data-id=\"5ede4d3\" data-element_type=\"container\">\n\t\t\t\t\t<div class=\"e-con-inner\">\n\t\t\t\t<div class=\"elementor-element elementor-element-70b619c elementor-widget elementor-widget-wp-widget-media_audio\" data-id=\"70b619c\" data-element_type=\"widget\" data-widget_type=\"wp-widget-media_audio.default\">\n\t\t\t\t<div class=\"elementor-widget-container\">\n\t\t\t\t\t<h5>Weihnachtsfreude &#8211; 22. Dezember 2024 &#8211; Shila M\u00fcller-Lutz<\/h5><audio class=\"wp-audio-shortcode\" id=\"audio-1925-36\" preload=\"none\" style=\"width: 100%;\" controls=\"controls\"><source type=\"audio\/mpeg\" src=\"https:\/\/oikos-schoetz.ch\/wordpress\/wp-content\/uploads\/2025\/03\/2024-12-22-Weihnachtsfreude-Shila-Mueller-Lutz.mp3?_=36\" \/><source type=\"audio\/mpeg\" src=\"https:\/\/oikos-schoetz.ch\/wordpress\/wp-content\/uploads\/2025\/03\/2024-12-22-Weihnachtsfreude-Shila-Mueller-Lutz.mp3?_=36\" \/><a href=\"https:\/\/oikos-schoetz.ch\/wordpress\/wp-content\/uploads\/2025\/03\/2024-12-22-Weihnachtsfreude-Shila-Mueller-Lutz.mp3\">https:\/\/oikos-schoetz.ch\/wordpress\/wp-content\/uploads\/2025\/03\/2024-12-22-Weihnachtsfreude-Shila-Mueller-Lutz.mp3<\/a><\/audio>\t\t\t\t<\/div>\n\t\t\t\t<\/div>\n\t\t\t\t<div class=\"elementor-element elementor-element-62e2bb1 elementor-widget elementor-widget-wp-widget-media_audio\" data-id=\"62e2bb1\" data-element_type=\"widget\" data-widget_type=\"wp-widget-media_audio.default\">\n\t\t\t\t<div class=\"elementor-widget-container\">\n\t\t\t\t\t<h5>Advent \/ Jesaja 9 Vers 1 &#8211; 08. Dezember 2024 &#8211; Daniel M\u00fcller-Lutz<\/h5><audio class=\"wp-audio-shortcode\" id=\"audio-1925-37\" preload=\"none\" style=\"width: 100%;\" controls=\"controls\"><source type=\"audio\/mpeg\" src=\"https:\/\/oikos-schoetz.ch\/wordpress\/wp-content\/uploads\/2025\/03\/2024-12-08-Advent-Jesaja-9-Vers-1-Daniel-Mueller-Lutz.mp3?_=37\" \/><source type=\"audio\/mpeg\" src=\"https:\/\/oikos-schoetz.ch\/wordpress\/wp-content\/uploads\/2025\/03\/2024-12-08-Advent-Jesaja-9-Vers-1-Daniel-Mueller-Lutz.mp3?_=37\" \/><a href=\"https:\/\/oikos-schoetz.ch\/wordpress\/wp-content\/uploads\/2025\/03\/2024-12-08-Advent-Jesaja-9-Vers-1-Daniel-Mueller-Lutz.mp3\">https:\/\/oikos-schoetz.ch\/wordpress\/wp-content\/uploads\/2025\/03\/2024-12-08-Advent-Jesaja-9-Vers-1-Daniel-Mueller-Lutz.mp3<\/a><\/audio>\t\t\t\t<\/div>\n\t\t\t\t<\/div>\n\t\t\t\t<div class=\"elementor-element elementor-element-6df894f elementor-widget elementor-widget-wp-widget-media_audio\" data-id=\"6df894f\" data-element_type=\"widget\" data-widget_type=\"wp-widget-media_audio.default\">\n\t\t\t\t<div class=\"elementor-widget-container\">\n\t\t\t\t\t<h5>Christ sein: Mutig sein! &#8211; 24. November 2024 &#8211; Shila M\u00fcller-Lutz<\/h5><audio class=\"wp-audio-shortcode\" id=\"audio-1925-38\" preload=\"none\" style=\"width: 100%;\" controls=\"controls\"><source type=\"audio\/mpeg\" src=\"https:\/\/oikos-schoetz.ch\/wordpress\/wp-content\/uploads\/2025\/03\/2024-11-24-Christ-sein-Mutig-sein-Daniel-Shila-Mueller-Lutz.mp3?_=38\" \/><source type=\"audio\/mpeg\" src=\"https:\/\/oikos-schoetz.ch\/wordpress\/wp-content\/uploads\/2025\/03\/2024-11-24-Christ-sein-Mutig-sein-Daniel-Shila-Mueller-Lutz.mp3?_=38\" \/><a href=\"https:\/\/oikos-schoetz.ch\/wordpress\/wp-content\/uploads\/2025\/03\/2024-11-24-Christ-sein-Mutig-sein-Daniel-Shila-Mueller-Lutz.mp3\">https:\/\/oikos-schoetz.ch\/wordpress\/wp-content\/uploads\/2025\/03\/2024-11-24-Christ-sein-Mutig-sein-Daniel-Shila-Mueller-Lutz.mp3<\/a><\/audio>\t\t\t\t<\/div>\n\t\t\t\t<\/div>\n\t\t\t\t<div class=\"elementor-element elementor-element-e4488ef elementor-widget elementor-widget-wp-widget-media_audio\" data-id=\"e4488ef\" data-element_type=\"widget\" data-widget_type=\"wp-widget-media_audio.default\">\n\t\t\t\t<div class=\"elementor-widget-container\">\n\t\t\t\t\t<h5>Menschen begegnen Jesus (4) &#8211; 10. November 2024 &#8211; Daniel M\u00fcller-Lutz<\/h5><audio class=\"wp-audio-shortcode\" id=\"audio-1925-39\" preload=\"none\" style=\"width: 100%;\" controls=\"controls\"><source type=\"audio\/mpeg\" src=\"https:\/\/oikos-schoetz.ch\/wordpress\/wp-content\/uploads\/2025\/03\/2024-11-10-Menschen-begegnen-Jesus-4-Daniel-Mueller-Lutz.mp3?_=39\" \/><source type=\"audio\/mpeg\" src=\"https:\/\/oikos-schoetz.ch\/wordpress\/wp-content\/uploads\/2025\/03\/2024-11-10-Menschen-begegnen-Jesus-4-Daniel-Mueller-Lutz.mp3?_=39\" \/><a href=\"https:\/\/oikos-schoetz.ch\/wordpress\/wp-content\/uploads\/2025\/03\/2024-11-10-Menschen-begegnen-Jesus-4-Daniel-Mueller-Lutz.mp3\">https:\/\/oikos-schoetz.ch\/wordpress\/wp-content\/uploads\/2025\/03\/2024-11-10-Menschen-begegnen-Jesus-4-Daniel-Mueller-Lutz.mp3<\/a><\/audio>\t\t\t\t<\/div>\n\t\t\t\t<\/div>\n\t\t\t\t<div class=\"elementor-element elementor-element-2635552 elementor-widget elementor-widget-wp-widget-media_audio\" data-id=\"2635552\" data-element_type=\"widget\" data-widget_type=\"wp-widget-media_audio.default\">\n\t\t\t\t<div class=\"elementor-widget-container\">\n\t\t\t\t\t<h5>Kirche im Schaufenster &#8211; 27. Oktober 2024 &#8211; Daniel M\u00fcller-Lutz<\/h5><audio class=\"wp-audio-shortcode\" id=\"audio-1925-40\" preload=\"none\" style=\"width: 100%;\" controls=\"controls\"><source type=\"audio\/mpeg\" src=\"https:\/\/oikos-schoetz.ch\/wordpress\/wp-content\/uploads\/2025\/03\/2024-10-27-Kirche-im-Schaufenster-Daniel-Mueller-Lutz.mp3?_=40\" \/><source type=\"audio\/mpeg\" src=\"https:\/\/oikos-schoetz.ch\/wordpress\/wp-content\/uploads\/2025\/03\/2024-10-27-Kirche-im-Schaufenster-Daniel-Mueller-Lutz.mp3?_=40\" \/><a href=\"https:\/\/oikos-schoetz.ch\/wordpress\/wp-content\/uploads\/2025\/03\/2024-10-27-Kirche-im-Schaufenster-Daniel-Mueller-Lutz.mp3\">https:\/\/oikos-schoetz.ch\/wordpress\/wp-content\/uploads\/2025\/03\/2024-10-27-Kirche-im-Schaufenster-Daniel-Mueller-Lutz.mp3<\/a><\/audio>\t\t\t\t<\/div>\n\t\t\t\t<\/div>\n\t\t\t\t<div class=\"elementor-element elementor-element-b91a434 elementor-widget elementor-widget-wp-widget-media_audio\" data-id=\"b91a434\" data-element_type=\"widget\" data-widget_type=\"wp-widget-media_audio.default\">\n\t\t\t\t<div class=\"elementor-widget-container\">\n\t\t\t\t\t<h5>Erntedank &#8211; 13. Oktober 2024 &#8211; Daniel M\u00fcller-Lutz<\/h5><audio class=\"wp-audio-shortcode\" id=\"audio-1925-41\" preload=\"none\" style=\"width: 100%;\" controls=\"controls\"><source type=\"audio\/mpeg\" src=\"https:\/\/oikos-schoetz.ch\/wordpress\/wp-content\/uploads\/2025\/03\/2024-10-13-Erntedank-Daniel-Mueller-Lutz.mp3?_=41\" \/><source type=\"audio\/mpeg\" src=\"https:\/\/oikos-schoetz.ch\/wordpress\/wp-content\/uploads\/2025\/03\/2024-10-13-Erntedank-Daniel-Mueller-Lutz.mp3?_=41\" \/><a href=\"https:\/\/oikos-schoetz.ch\/wordpress\/wp-content\/uploads\/2025\/03\/2024-10-13-Erntedank-Daniel-Mueller-Lutz.mp3\">https:\/\/oikos-schoetz.ch\/wordpress\/wp-content\/uploads\/2025\/03\/2024-10-13-Erntedank-Daniel-Mueller-Lutz.mp3<\/a><\/audio>\t\t\t\t<\/div>\n\t\t\t\t<\/div>\n\t\t\t\t<div class=\"elementor-element elementor-element-faf07dd elementor-widget elementor-widget-wp-widget-media_audio\" data-id=\"faf07dd\" data-element_type=\"widget\" data-widget_type=\"wp-widget-media_audio.default\">\n\t\t\t\t<div class=\"elementor-widget-container\">\n\t\t\t\t\t<h5>Handle entsprechend der Zeit! &#8211; 29. September 2024 &#8211; Daniel M\u00fcller-Lutz<\/h5><audio class=\"wp-audio-shortcode\" id=\"audio-1925-42\" preload=\"none\" style=\"width: 100%;\" controls=\"controls\"><source type=\"audio\/mpeg\" src=\"https:\/\/oikos-schoetz.ch\/wordpress\/wp-content\/uploads\/2025\/03\/2024-09-29-Handle-entsprechend-der-Zeit-Daniel-Mueller-Lutz.mp3.mp3?_=42\" \/><source type=\"audio\/mpeg\" src=\"https:\/\/oikos-schoetz.ch\/wordpress\/wp-content\/uploads\/2025\/03\/2024-09-29-Handle-entsprechend-der-Zeit-Daniel-Mueller-Lutz.mp3.mp3?_=42\" \/><a href=\"https:\/\/oikos-schoetz.ch\/wordpress\/wp-content\/uploads\/2025\/03\/2024-09-29-Handle-entsprechend-der-Zeit-Daniel-Mueller-Lutz.mp3.mp3\">https:\/\/oikos-schoetz.ch\/wordpress\/wp-content\/uploads\/2025\/03\/2024-09-29-Handle-entsprechend-der-Zeit-Daniel-Mueller-Lutz.mp3.mp3<\/a><\/audio>\t\t\t\t<\/div>\n\t\t\t\t<\/div>\n\t\t\t\t<div class=\"elementor-element elementor-element-c4d97d5 elementor-widget elementor-widget-wp-widget-media_audio\" data-id=\"c4d97d5\" data-element_type=\"widget\" data-widget_type=\"wp-widget-media_audio.default\">\n\t\t\t\t<div class=\"elementor-widget-container\">\n\t\t\t\t\t<h5>Erkenne die Zeit! &#8211; 15. September 2024 &#8211; Daniel M\u00fcller-Lutz<\/h5><audio class=\"wp-audio-shortcode\" id=\"audio-1925-43\" preload=\"none\" style=\"width: 100%;\" controls=\"controls\"><source type=\"audio\/mpeg\" src=\"https:\/\/oikos-schoetz.ch\/wordpress\/wp-content\/uploads\/2025\/03\/2024-09-15-Erkenne-die-Zeit-Daniel-Mueller-Lutz.mp3?_=43\" \/><source type=\"audio\/mpeg\" src=\"https:\/\/oikos-schoetz.ch\/wordpress\/wp-content\/uploads\/2025\/03\/2024-09-15-Erkenne-die-Zeit-Daniel-Mueller-Lutz.mp3?_=43\" \/><a href=\"https:\/\/oikos-schoetz.ch\/wordpress\/wp-content\/uploads\/2025\/03\/2024-09-15-Erkenne-die-Zeit-Daniel-Mueller-Lutz.mp3\">https:\/\/oikos-schoetz.ch\/wordpress\/wp-content\/uploads\/2025\/03\/2024-09-15-Erkenne-die-Zeit-Daniel-Mueller-Lutz.mp3<\/a><\/audio>\t\t\t\t<\/div>\n\t\t\t\t<\/div>\n\t\t\t\t<div class=\"elementor-element elementor-element-fab8ff9 elementor-widget elementor-widget-wp-widget-media_audio\" data-id=\"fab8ff9\" data-element_type=\"widget\" data-widget_type=\"wp-widget-media_audio.default\">\n\t\t\t\t<div class=\"elementor-widget-container\">\n\t\t\t\t\t<h5>Menschen begegnen Jesus (3) &#8211; 01. September 2024 &#8211; Shila M\u00fcller-Lutz<\/h5><audio class=\"wp-audio-shortcode\" id=\"audio-1925-44\" preload=\"none\" style=\"width: 100%;\" controls=\"controls\"><source type=\"audio\/mpeg\" src=\"https:\/\/oikos-schoetz.ch\/wordpress\/wp-content\/uploads\/2025\/03\/2024-09-01-Menschen-begegnen-Jesus-3-Shila-Mueller-Lutz.mp3.mp3?_=44\" \/><source type=\"audio\/mpeg\" src=\"https:\/\/oikos-schoetz.ch\/wordpress\/wp-content\/uploads\/2025\/03\/2024-09-01-Menschen-begegnen-Jesus-3-Shila-Mueller-Lutz.mp3.mp3?_=44\" \/><a href=\"https:\/\/oikos-schoetz.ch\/wordpress\/wp-content\/uploads\/2025\/03\/2024-09-01-Menschen-begegnen-Jesus-3-Shila-Mueller-Lutz.mp3.mp3\">https:\/\/oikos-schoetz.ch\/wordpress\/wp-content\/uploads\/2025\/03\/2024-09-01-Menschen-begegnen-Jesus-3-Shila-Mueller-Lutz.mp3.mp3<\/a><\/audio>\t\t\t\t<\/div>\n\t\t\t\t<\/div>\n\t\t\t\t\t<\/div>\n\t\t\t\t<\/div>\n\t\t\t\t\t<\/details>\n\t\t\t\t\t\t<details id=\"e-n-accordion-item-72015\" class=\"e-n-accordion-item\" >\n\t\t\t\t<summary class=\"e-n-accordion-item-title\" data-accordion-index=\"16\" tabindex=\"-1\" aria-expanded=\"false\" aria-controls=\"e-n-accordion-item-72015\" >\n\t\t\t\t\t<span class='e-n-accordion-item-title-header'><div class=\"e-n-accordion-item-title-text\"> Mai bis August 2024 <\/div><\/span>\n\t\t\t\t\t\t\t<span class='e-n-accordion-item-title-icon'>\n\t\t\t<span class='e-opened' ><svg aria-hidden=\"true\" class=\"e-font-icon-svg e-fas-minus\" viewBox=\"0 0 448 512\" xmlns=\"http:\/\/www.w3.org\/2000\/svg\"><path d=\"M416 208H32c-17.67 0-32 14.33-32 32v32c0 17.67 14.33 32 32 32h384c17.67 0 32-14.33 32-32v-32c0-17.67-14.33-32-32-32z\"><\/path><\/svg><\/span>\n\t\t\t<span class='e-closed'><svg aria-hidden=\"true\" class=\"e-font-icon-svg e-fas-plus-square\" viewBox=\"0 0 448 512\" xmlns=\"http:\/\/www.w3.org\/2000\/svg\"><path d=\"M400 32H48C21.5 32 0 53.5 0 80v352c0 26.5 21.5 48 48 48h352c26.5 0 48-21.5 48-48V80c0-26.5-21.5-48-48-48zm-32 252c0 6.6-5.4 12-12 12h-92v92c0 6.6-5.4 12-12 12h-56c-6.6 0-12-5.4-12-12v-92H92c-6.6 0-12-5.4-12-12v-56c0-6.6 5.4-12 12-12h92v-92c0-6.6 5.4-12 12-12h56c6.6 0 12 5.4 12 12v92h92c6.6 0 12 5.4 12 12v56z\"><\/path><\/svg><\/span>\n\t\t<\/span>\n\n\t\t\t\t\t\t<\/summary>\n\t\t\t\t<div role=\"region\" aria-labelledby=\"e-n-accordion-item-72015\" class=\"elementor-element elementor-element-4e13e87 e-flex e-con-boxed wpr-particle-no wpr-jarallax-no wpr-parallax-no wpr-sticky-section-no e-con e-child\" data-id=\"4e13e87\" data-element_type=\"container\">\n\t\t\t\t\t<div class=\"e-con-inner\">\n\t\t\t\t<div class=\"elementor-element elementor-element-5f94c1c elementor-widget elementor-widget-wp-widget-media_audio\" data-id=\"5f94c1c\" data-element_type=\"widget\" data-widget_type=\"wp-widget-media_audio.default\">\n\t\t\t\t<div class=\"elementor-widget-container\">\n\t\t\t\t\t<h5>Menschen begegnen Jesus (2) &#8211; 18. August 2024 &#8211; Daniel M\u00fcller-Lutz<\/h5><audio class=\"wp-audio-shortcode\" id=\"audio-1925-45\" preload=\"none\" style=\"width: 100%;\" controls=\"controls\"><source type=\"audio\/mpeg\" src=\"https:\/\/oikos-schoetz.ch\/wordpress\/wp-content\/uploads\/2025\/03\/2024-08-18-Daniel-Mueller-Lutz-Menschen-begegnen-Jesus-2.mp3?_=45\" \/><source type=\"audio\/mpeg\" src=\"https:\/\/oikos-schoetz.ch\/wordpress\/wp-content\/uploads\/2025\/03\/2024-08-18-Daniel-Mueller-Lutz-Menschen-begegnen-Jesus-2.mp3?_=45\" \/><a href=\"https:\/\/oikos-schoetz.ch\/wordpress\/wp-content\/uploads\/2025\/03\/2024-08-18-Daniel-Mueller-Lutz-Menschen-begegnen-Jesus-2.mp3\">https:\/\/oikos-schoetz.ch\/wordpress\/wp-content\/uploads\/2025\/03\/2024-08-18-Daniel-Mueller-Lutz-Menschen-begegnen-Jesus-2.mp3<\/a><\/audio>\t\t\t\t<\/div>\n\t\t\t\t<\/div>\n\t\t\t\t<div class=\"elementor-element elementor-element-324f429 elementor-widget elementor-widget-wp-widget-media_audio\" data-id=\"324f429\" data-element_type=\"widget\" data-widget_type=\"wp-widget-media_audio.default\">\n\t\t\t\t<div class=\"elementor-widget-container\">\n\t\t\t\t\t<h5>Taufe &#8211; 04. August 2024 &#8211; Daniel M\u00fcller-Lutz<\/h5><audio class=\"wp-audio-shortcode\" id=\"audio-1925-46\" preload=\"none\" style=\"width: 100%;\" controls=\"controls\"><source type=\"audio\/mpeg\" src=\"https:\/\/oikos-schoetz.ch\/wordpress\/wp-content\/uploads\/2025\/03\/2024-08-04-Daniel-Mueller-Lutz-Taufe.mp3?_=46\" \/><source type=\"audio\/mpeg\" src=\"https:\/\/oikos-schoetz.ch\/wordpress\/wp-content\/uploads\/2025\/03\/2024-08-04-Daniel-Mueller-Lutz-Taufe.mp3?_=46\" \/><a href=\"https:\/\/oikos-schoetz.ch\/wordpress\/wp-content\/uploads\/2025\/03\/2024-08-04-Daniel-Mueller-Lutz-Taufe.mp3\">https:\/\/oikos-schoetz.ch\/wordpress\/wp-content\/uploads\/2025\/03\/2024-08-04-Daniel-Mueller-Lutz-Taufe.mp3<\/a><\/audio>\t\t\t\t<\/div>\n\t\t\t\t<\/div>\n\t\t\t\t<div class=\"elementor-element elementor-element-f15ac63 elementor-widget elementor-widget-wp-widget-media_audio\" data-id=\"f15ac63\" data-element_type=\"widget\" data-widget_type=\"wp-widget-media_audio.default\">\n\t\t\t\t<div class=\"elementor-widget-container\">\n\t\t\t\t\t<h5>Menschen begegnen Jesus (1) &#8211; 21. Juli 2024 &#8211; Daniel M\u00fcller-Lutz<\/h5><audio class=\"wp-audio-shortcode\" id=\"audio-1925-47\" preload=\"none\" style=\"width: 100%;\" controls=\"controls\"><source type=\"audio\/mpeg\" src=\"https:\/\/oikos-schoetz.ch\/wordpress\/wp-content\/uploads\/2025\/03\/2024-07-21-Daniel-Mueller-Lutz-Menschen-begegnen-Jesus-1.mp3?_=47\" \/><source type=\"audio\/mpeg\" src=\"https:\/\/oikos-schoetz.ch\/wordpress\/wp-content\/uploads\/2025\/03\/2024-07-21-Daniel-Mueller-Lutz-Menschen-begegnen-Jesus-1.mp3?_=47\" \/><a href=\"https:\/\/oikos-schoetz.ch\/wordpress\/wp-content\/uploads\/2025\/03\/2024-07-21-Daniel-Mueller-Lutz-Menschen-begegnen-Jesus-1.mp3\">https:\/\/oikos-schoetz.ch\/wordpress\/wp-content\/uploads\/2025\/03\/2024-07-21-Daniel-Mueller-Lutz-Menschen-begegnen-Jesus-1.mp3<\/a><\/audio>\t\t\t\t<\/div>\n\t\t\t\t<\/div>\n\t\t\t\t<div class=\"elementor-element elementor-element-4b58965 elementor-widget elementor-widget-wp-widget-media_audio\" data-id=\"4b58965\" data-element_type=\"widget\" data-widget_type=\"wp-widget-media_audio.default\">\n\t\t\t\t<div class=\"elementor-widget-container\">\n\t\t\t\t\t<h5>Brauchst du Ver\u00e4nderung? &#8211; 07. Juli 2024 &#8211; Shila M\u00fcller-Lutz<\/h5><audio class=\"wp-audio-shortcode\" id=\"audio-1925-48\" preload=\"none\" style=\"width: 100%;\" controls=\"controls\"><source type=\"audio\/mpeg\" src=\"https:\/\/oikos-schoetz.ch\/wordpress\/wp-content\/uploads\/2025\/03\/2024-07-07-Shila-Mueller-Lutz-Brauchst-du-veraenderung.mp3?_=48\" \/><source type=\"audio\/mpeg\" src=\"https:\/\/oikos-schoetz.ch\/wordpress\/wp-content\/uploads\/2025\/03\/2024-07-07-Shila-Mueller-Lutz-Brauchst-du-veraenderung.mp3?_=48\" \/><a href=\"https:\/\/oikos-schoetz.ch\/wordpress\/wp-content\/uploads\/2025\/03\/2024-07-07-Shila-Mueller-Lutz-Brauchst-du-veraenderung.mp3\">https:\/\/oikos-schoetz.ch\/wordpress\/wp-content\/uploads\/2025\/03\/2024-07-07-Shila-Mueller-Lutz-Brauchst-du-veraenderung.mp3<\/a><\/audio>\t\t\t\t<\/div>\n\t\t\t\t<\/div>\n\t\t\t\t<div class=\"elementor-element elementor-element-e81e352 elementor-widget elementor-widget-wp-widget-media_audio\" data-id=\"e81e352\" data-element_type=\"widget\" data-widget_type=\"wp-widget-media_audio.default\">\n\t\t\t\t<div class=\"elementor-widget-container\">\n\t\t\t\t\t<h5>Glaubst du an eine Wiedergeburt? &#8211; 23. Juni 2024 &#8211; Daniel M\u00fcller-Lutz<\/h5><audio class=\"wp-audio-shortcode\" id=\"audio-1925-49\" preload=\"none\" style=\"width: 100%;\" controls=\"controls\"><source type=\"audio\/mpeg\" src=\"https:\/\/oikos-schoetz.ch\/wordpress\/wp-content\/uploads\/2025\/03\/2024-06-23-Daniel-Mueller-Lutz-Glaubst-du-an-eine-Wiedergeburt.mp3?_=49\" \/><source type=\"audio\/mpeg\" src=\"https:\/\/oikos-schoetz.ch\/wordpress\/wp-content\/uploads\/2025\/03\/2024-06-23-Daniel-Mueller-Lutz-Glaubst-du-an-eine-Wiedergeburt.mp3?_=49\" \/><a href=\"https:\/\/oikos-schoetz.ch\/wordpress\/wp-content\/uploads\/2025\/03\/2024-06-23-Daniel-Mueller-Lutz-Glaubst-du-an-eine-Wiedergeburt.mp3\">https:\/\/oikos-schoetz.ch\/wordpress\/wp-content\/uploads\/2025\/03\/2024-06-23-Daniel-Mueller-Lutz-Glaubst-du-an-eine-Wiedergeburt.mp3<\/a><\/audio>\t\t\t\t<\/div>\n\t\t\t\t<\/div>\n\t\t\t\t<div class=\"elementor-element elementor-element-c634797 elementor-widget elementor-widget-wp-widget-media_audio\" data-id=\"c634797\" data-element_type=\"widget\" data-widget_type=\"wp-widget-media_audio.default\">\n\t\t\t\t<div class=\"elementor-widget-container\">\n\t\t\t\t\t<h5>Priorit\u00e4ten setzen &#8211; 09. Juni 2024 &#8211; Daniel M\u00fcller-Lutz<\/h5><audio class=\"wp-audio-shortcode\" id=\"audio-1925-50\" preload=\"none\" style=\"width: 100%;\" controls=\"controls\"><source type=\"audio\/mpeg\" src=\"https:\/\/oikos-schoetz.ch\/wordpress\/wp-content\/uploads\/2025\/03\/2024-06-09-Daniel-Mueller-Lutz-Prioritaeten-setzen.mp3?_=50\" \/><source type=\"audio\/mpeg\" src=\"https:\/\/oikos-schoetz.ch\/wordpress\/wp-content\/uploads\/2025\/03\/2024-06-09-Daniel-Mueller-Lutz-Prioritaeten-setzen.mp3?_=50\" \/><a href=\"https:\/\/oikos-schoetz.ch\/wordpress\/wp-content\/uploads\/2025\/03\/2024-06-09-Daniel-Mueller-Lutz-Prioritaeten-setzen.mp3\">https:\/\/oikos-schoetz.ch\/wordpress\/wp-content\/uploads\/2025\/03\/2024-06-09-Daniel-Mueller-Lutz-Prioritaeten-setzen.mp3<\/a><\/audio>\t\t\t\t<\/div>\n\t\t\t\t<\/div>\n\t\t\t\t<div class=\"elementor-element elementor-element-404daf2 elementor-widget elementor-widget-wp-widget-media_audio\" data-id=\"404daf2\" data-element_type=\"widget\" data-widget_type=\"wp-widget-media_audio.default\">\n\t\t\t\t<div class=\"elementor-widget-container\">\n\t\t\t\t\t<h5>Feuer vom Himmel &#8211; 26. Mai 2024 &#8211; Daniel M\u00fcller-Lutz<\/h5><audio class=\"wp-audio-shortcode\" id=\"audio-1925-51\" preload=\"none\" style=\"width: 100%;\" controls=\"controls\"><source type=\"audio\/mpeg\" src=\"https:\/\/oikos-schoetz.ch\/wordpress\/wp-content\/uploads\/2025\/03\/2024-05-26-Daniel-Mueller-Lutz-Feuer-vom-Himmel.mp3?_=51\" \/><source type=\"audio\/mpeg\" src=\"https:\/\/oikos-schoetz.ch\/wordpress\/wp-content\/uploads\/2025\/03\/2024-05-26-Daniel-Mueller-Lutz-Feuer-vom-Himmel.mp3?_=51\" \/><a href=\"https:\/\/oikos-schoetz.ch\/wordpress\/wp-content\/uploads\/2025\/03\/2024-05-26-Daniel-Mueller-Lutz-Feuer-vom-Himmel.mp3\">https:\/\/oikos-schoetz.ch\/wordpress\/wp-content\/uploads\/2025\/03\/2024-05-26-Daniel-Mueller-Lutz-Feuer-vom-Himmel.mp3<\/a><\/audio>\t\t\t\t<\/div>\n\t\t\t\t<\/div>\n\t\t\t\t<div class=\"elementor-element elementor-element-8495fec elementor-widget elementor-widget-wp-widget-media_audio\" data-id=\"8495fec\" data-element_type=\"widget\" data-widget_type=\"wp-widget-media_audio.default\">\n\t\t\t\t<div class=\"elementor-widget-container\">\n\t\t\t\t\t<h5>Schau mal nach! &#8211; 12. Mai 2024 &#8211; Shila M\u00fcller-Lutz<\/h5><audio class=\"wp-audio-shortcode\" id=\"audio-1925-52\" preload=\"none\" style=\"width: 100%;\" controls=\"controls\"><source type=\"audio\/mpeg\" src=\"https:\/\/oikos-schoetz.ch\/wordpress\/wp-content\/uploads\/2025\/03\/2024-05-12-Shila-Mueller-Lutz-Schau-mal-nach.mp3?_=52\" \/><source type=\"audio\/mpeg\" src=\"https:\/\/oikos-schoetz.ch\/wordpress\/wp-content\/uploads\/2025\/03\/2024-05-12-Shila-Mueller-Lutz-Schau-mal-nach.mp3?_=52\" \/><a href=\"https:\/\/oikos-schoetz.ch\/wordpress\/wp-content\/uploads\/2025\/03\/2024-05-12-Shila-Mueller-Lutz-Schau-mal-nach.mp3\">https:\/\/oikos-schoetz.ch\/wordpress\/wp-content\/uploads\/2025\/03\/2024-05-12-Shila-Mueller-Lutz-Schau-mal-nach.mp3<\/a><\/audio>\t\t\t\t<\/div>\n\t\t\t\t<\/div>\n\t\t\t\t\t<\/div>\n\t\t\t\t<\/div>\n\t\t\t\t\t<\/details>\n\t\t\t\t\t\t<details id=\"e-n-accordion-item-72016\" class=\"e-n-accordion-item\" >\n\t\t\t\t<summary class=\"e-n-accordion-item-title\" data-accordion-index=\"17\" tabindex=\"-1\" aria-expanded=\"false\" aria-controls=\"e-n-accordion-item-72016\" >\n\t\t\t\t\t<span class='e-n-accordion-item-title-header'><div class=\"e-n-accordion-item-title-text\"> Januar bis April 2024 <\/div><\/span>\n\t\t\t\t\t\t\t<span class='e-n-accordion-item-title-icon'>\n\t\t\t<span class='e-opened' ><svg aria-hidden=\"true\" class=\"e-font-icon-svg e-fas-minus\" viewBox=\"0 0 448 512\" xmlns=\"http:\/\/www.w3.org\/2000\/svg\"><path d=\"M416 208H32c-17.67 0-32 14.33-32 32v32c0 17.67 14.33 32 32 32h384c17.67 0 32-14.33 32-32v-32c0-17.67-14.33-32-32-32z\"><\/path><\/svg><\/span>\n\t\t\t<span class='e-closed'><svg aria-hidden=\"true\" class=\"e-font-icon-svg e-fas-plus-square\" viewBox=\"0 0 448 512\" xmlns=\"http:\/\/www.w3.org\/2000\/svg\"><path d=\"M400 32H48C21.5 32 0 53.5 0 80v352c0 26.5 21.5 48 48 48h352c26.5 0 48-21.5 48-48V80c0-26.5-21.5-48-48-48zm-32 252c0 6.6-5.4 12-12 12h-92v92c0 6.6-5.4 12-12 12h-56c-6.6 0-12-5.4-12-12v-92H92c-6.6 0-12-5.4-12-12v-56c0-6.6 5.4-12 12-12h92v-92c0-6.6 5.4-12 12-12h56c6.6 0 12 5.4 12 12v92h92c6.6 0 12 5.4 12 12v56z\"><\/path><\/svg><\/span>\n\t\t<\/span>\n\n\t\t\t\t\t\t<\/summary>\n\t\t\t\t<div role=\"region\" aria-labelledby=\"e-n-accordion-item-72016\" class=\"elementor-element elementor-element-ef34c58 e-flex e-con-boxed wpr-particle-no wpr-jarallax-no wpr-parallax-no wpr-sticky-section-no e-con e-child\" data-id=\"ef34c58\" data-element_type=\"container\">\n\t\t\t\t\t<div class=\"e-con-inner\">\n\t\t\t\t<div class=\"elementor-element elementor-element-c547a1f elementor-widget elementor-widget-wp-widget-media_audio\" data-id=\"c547a1f\" data-element_type=\"widget\" data-widget_type=\"wp-widget-media_audio.default\">\n\t\t\t\t<div class=\"elementor-widget-container\">\n\t\t\t\t\t<h5>Folge mir nach &#8211; Zeichen der Zeit &#8211; 28. April 2024 &#8211; Daniel M\u00fcller-Lutz<\/h5><audio class=\"wp-audio-shortcode\" id=\"audio-1925-53\" preload=\"none\" style=\"width: 100%;\" controls=\"controls\"><source type=\"audio\/mpeg\" src=\"https:\/\/oikos-schoetz.ch\/wordpress\/wp-content\/uploads\/2025\/03\/2024-04-28-Daniel-Mueller-Lutz-Folge-mir-nach-Zeichen-der-Zeit.mp3?_=53\" \/><source type=\"audio\/mpeg\" src=\"https:\/\/oikos-schoetz.ch\/wordpress\/wp-content\/uploads\/2025\/03\/2024-04-28-Daniel-Mueller-Lutz-Folge-mir-nach-Zeichen-der-Zeit.mp3?_=53\" \/><a href=\"https:\/\/oikos-schoetz.ch\/wordpress\/wp-content\/uploads\/2025\/03\/2024-04-28-Daniel-Mueller-Lutz-Folge-mir-nach-Zeichen-der-Zeit.mp3\">https:\/\/oikos-schoetz.ch\/wordpress\/wp-content\/uploads\/2025\/03\/2024-04-28-Daniel-Mueller-Lutz-Folge-mir-nach-Zeichen-der-Zeit.mp3<\/a><\/audio>\t\t\t\t<\/div>\n\t\t\t\t<\/div>\n\t\t\t\t<div class=\"elementor-element elementor-element-f1f6e79 elementor-widget elementor-widget-wp-widget-media_audio\" data-id=\"f1f6e79\" data-element_type=\"widget\" data-widget_type=\"wp-widget-media_audio.default\">\n\t\t\t\t<div class=\"elementor-widget-container\">\n\t\t\t\t\t<h5>Vom Fischer zum Prediger &#8211; 14. April 2024 &#8211; Peter Johner<\/h5><audio class=\"wp-audio-shortcode\" id=\"audio-1925-54\" preload=\"none\" style=\"width: 100%;\" controls=\"controls\"><source type=\"audio\/mpeg\" src=\"https:\/\/oikos-schoetz.ch\/wordpress\/wp-content\/uploads\/2025\/03\/2024-04-14-Peter-Johner-Vom-Fischer-zum-Prediger.mp3?_=54\" \/><source type=\"audio\/mpeg\" src=\"https:\/\/oikos-schoetz.ch\/wordpress\/wp-content\/uploads\/2025\/03\/2024-04-14-Peter-Johner-Vom-Fischer-zum-Prediger.mp3?_=54\" \/><a href=\"https:\/\/oikos-schoetz.ch\/wordpress\/wp-content\/uploads\/2025\/03\/2024-04-14-Peter-Johner-Vom-Fischer-zum-Prediger.mp3\">https:\/\/oikos-schoetz.ch\/wordpress\/wp-content\/uploads\/2025\/03\/2024-04-14-Peter-Johner-Vom-Fischer-zum-Prediger.mp3<\/a><\/audio>\t\t\t\t<\/div>\n\t\t\t\t<\/div>\n\t\t\t\t<div class=\"elementor-element elementor-element-0792b1a elementor-widget elementor-widget-wp-widget-media_audio\" data-id=\"0792b1a\" data-element_type=\"widget\" data-widget_type=\"wp-widget-media_audio.default\">\n\t\t\t\t<div class=\"elementor-widget-container\">\n\t\t\t\t\t<h5>Gwunder uf Wonder 4 \/ Ostern &#8211; 01. April 2024 &#8211; Daniel M\u00fcller-Lutz<\/h5><audio class=\"wp-audio-shortcode\" id=\"audio-1925-55\" preload=\"none\" style=\"width: 100%;\" controls=\"controls\"><source type=\"audio\/mpeg\" src=\"https:\/\/oikos-schoetz.ch\/wordpress\/wp-content\/uploads\/2025\/03\/2024-04-01-Daniel-Mueller-Lutz-Gwunder-uf-Wunder-Ostern.mp3?_=55\" \/><source type=\"audio\/mpeg\" src=\"https:\/\/oikos-schoetz.ch\/wordpress\/wp-content\/uploads\/2025\/03\/2024-04-01-Daniel-Mueller-Lutz-Gwunder-uf-Wunder-Ostern.mp3?_=55\" \/><a href=\"https:\/\/oikos-schoetz.ch\/wordpress\/wp-content\/uploads\/2025\/03\/2024-04-01-Daniel-Mueller-Lutz-Gwunder-uf-Wunder-Ostern.mp3\">https:\/\/oikos-schoetz.ch\/wordpress\/wp-content\/uploads\/2025\/03\/2024-04-01-Daniel-Mueller-Lutz-Gwunder-uf-Wunder-Ostern.mp3<\/a><\/audio>\t\t\t\t<\/div>\n\t\t\t\t<\/div>\n\t\t\t\t<div class=\"elementor-element elementor-element-d68e27a elementor-widget elementor-widget-wp-widget-media_audio\" data-id=\"d68e27a\" data-element_type=\"widget\" data-widget_type=\"wp-widget-media_audio.default\">\n\t\t\t\t<div class=\"elementor-widget-container\">\n\t\t\t\t\t<h5>Gwunder uf Wonder 3 \/ Totenauferweckung &#8211; 17. M\u00e4rz 2024 &#8211; Shila M\u00fcller-Lutz<\/h5><audio class=\"wp-audio-shortcode\" id=\"audio-1925-56\" preload=\"none\" style=\"width: 100%;\" controls=\"controls\"><source type=\"audio\/mpeg\" src=\"https:\/\/oikos-schoetz.ch\/wordpress\/wp-content\/uploads\/2025\/03\/2024-03-17-Shila-Mueller-Lutz-Gwunder-auf-Wunder-Totenauferweckung.mp3?_=56\" \/><source type=\"audio\/mpeg\" src=\"https:\/\/oikos-schoetz.ch\/wordpress\/wp-content\/uploads\/2025\/03\/2024-03-17-Shila-Mueller-Lutz-Gwunder-auf-Wunder-Totenauferweckung.mp3?_=56\" \/><a href=\"https:\/\/oikos-schoetz.ch\/wordpress\/wp-content\/uploads\/2025\/03\/2024-03-17-Shila-Mueller-Lutz-Gwunder-auf-Wunder-Totenauferweckung.mp3\">https:\/\/oikos-schoetz.ch\/wordpress\/wp-content\/uploads\/2025\/03\/2024-03-17-Shila-Mueller-Lutz-Gwunder-auf-Wunder-Totenauferweckung.mp3<\/a><\/audio>\t\t\t\t<\/div>\n\t\t\t\t<\/div>\n\t\t\t\t<div class=\"elementor-element elementor-element-e1ae159 elementor-widget elementor-widget-wp-widget-media_audio\" data-id=\"e1ae159\" data-element_type=\"widget\" data-widget_type=\"wp-widget-media_audio.default\">\n\t\t\t\t<div class=\"elementor-widget-container\">\n\t\t\t\t\t<h5>Gwunder uf Wonder 2 \/ Johannes &#8211; 03. M\u00e4rz 2024 &#8211; Daniel M\u00fcller-Lutz<\/h5><audio class=\"wp-audio-shortcode\" id=\"audio-1925-57\" preload=\"none\" style=\"width: 100%;\" controls=\"controls\"><source type=\"audio\/mpeg\" src=\"https:\/\/oikos-schoetz.ch\/wordpress\/wp-content\/uploads\/2025\/03\/2024-03-03-Daniel-Mueller-Lutz-Gwonder-uf-Wunder-Johnnes-2.mp3?_=57\" \/><source type=\"audio\/mpeg\" src=\"https:\/\/oikos-schoetz.ch\/wordpress\/wp-content\/uploads\/2025\/03\/2024-03-03-Daniel-Mueller-Lutz-Gwonder-uf-Wunder-Johnnes-2.mp3?_=57\" \/><a href=\"https:\/\/oikos-schoetz.ch\/wordpress\/wp-content\/uploads\/2025\/03\/2024-03-03-Daniel-Mueller-Lutz-Gwonder-uf-Wunder-Johnnes-2.mp3\">https:\/\/oikos-schoetz.ch\/wordpress\/wp-content\/uploads\/2025\/03\/2024-03-03-Daniel-Mueller-Lutz-Gwonder-uf-Wunder-Johnnes-2.mp3<\/a><\/audio>\t\t\t\t<\/div>\n\t\t\t\t<\/div>\n\t\t\t\t<div class=\"elementor-element elementor-element-99191e9 elementor-widget elementor-widget-wp-widget-media_audio\" data-id=\"99191e9\" data-element_type=\"widget\" data-widget_type=\"wp-widget-media_audio.default\">\n\t\t\t\t<div class=\"elementor-widget-container\">\n\t\t\t\t\t<h5>Gwunder uf Wonder 1 &#8211; 18. Februar 2024 &#8211; Peter Johner<\/h5><audio class=\"wp-audio-shortcode\" id=\"audio-1925-58\" preload=\"none\" style=\"width: 100%;\" controls=\"controls\"><source type=\"audio\/mpeg\" src=\"https:\/\/oikos-schoetz.ch\/wordpress\/wp-content\/uploads\/2025\/03\/2024-02-18-Gwunderig-uf-Wunder-Peter-Johner.mp3?_=58\" \/><source type=\"audio\/mpeg\" src=\"https:\/\/oikos-schoetz.ch\/wordpress\/wp-content\/uploads\/2025\/03\/2024-02-18-Gwunderig-uf-Wunder-Peter-Johner.mp3?_=58\" \/><a href=\"https:\/\/oikos-schoetz.ch\/wordpress\/wp-content\/uploads\/2025\/03\/2024-02-18-Gwunderig-uf-Wunder-Peter-Johner.mp3\">https:\/\/oikos-schoetz.ch\/wordpress\/wp-content\/uploads\/2025\/03\/2024-02-18-Gwunderig-uf-Wunder-Peter-Johner.mp3<\/a><\/audio>\t\t\t\t<\/div>\n\t\t\t\t<\/div>\n\t\t\t\t<div class=\"elementor-element elementor-element-899f1a2 elementor-widget elementor-widget-wp-widget-media_audio\" data-id=\"899f1a2\" data-element_type=\"widget\" data-widget_type=\"wp-widget-media_audio.default\">\n\t\t\t\t<div class=\"elementor-widget-container\">\n\t\t\t\t\t<h5>Wer ist Jesus? &#8211; 04. Februar 2024 &#8211; Daniel M\u00fcller-Lutz<\/h5><audio class=\"wp-audio-shortcode\" id=\"audio-1925-59\" preload=\"none\" style=\"width: 100%;\" controls=\"controls\"><source type=\"audio\/mpeg\" src=\"https:\/\/oikos-schoetz.ch\/wordpress\/wp-content\/uploads\/2025\/03\/2024-02-04-Wer-ist-Jesus-Daniel-Mueller-Lutz-.mp3?_=59\" \/><source type=\"audio\/mpeg\" src=\"https:\/\/oikos-schoetz.ch\/wordpress\/wp-content\/uploads\/2025\/03\/2024-02-04-Wer-ist-Jesus-Daniel-Mueller-Lutz-.mp3?_=59\" \/><a href=\"https:\/\/oikos-schoetz.ch\/wordpress\/wp-content\/uploads\/2025\/03\/2024-02-04-Wer-ist-Jesus-Daniel-Mueller-Lutz-.mp3\">https:\/\/oikos-schoetz.ch\/wordpress\/wp-content\/uploads\/2025\/03\/2024-02-04-Wer-ist-Jesus-Daniel-Mueller-Lutz-.mp3<\/a><\/audio>\t\t\t\t<\/div>\n\t\t\t\t<\/div>\n\t\t\t\t<div class=\"elementor-element elementor-element-a00dc99 elementor-widget elementor-widget-wp-widget-media_audio\" data-id=\"a00dc99\" data-element_type=\"widget\" data-widget_type=\"wp-widget-media_audio.default\">\n\t\t\t\t<div class=\"elementor-widget-container\">\n\t\t\t\t\t<h5>Dankbarkeit &#8211; 21. Januar 2024 &#8211; Shila M\u00fcller-Lutz<\/h5><audio class=\"wp-audio-shortcode\" id=\"audio-1925-60\" preload=\"none\" style=\"width: 100%;\" controls=\"controls\"><source type=\"audio\/mpeg\" src=\"https:\/\/oikos-schoetz.ch\/wordpress\/wp-content\/uploads\/2025\/03\/2024-01-21-Dankbarkeit-Shila-Mueller-Lutz.mp3?_=60\" \/><source type=\"audio\/mpeg\" src=\"https:\/\/oikos-schoetz.ch\/wordpress\/wp-content\/uploads\/2025\/03\/2024-01-21-Dankbarkeit-Shila-Mueller-Lutz.mp3?_=60\" \/><a href=\"https:\/\/oikos-schoetz.ch\/wordpress\/wp-content\/uploads\/2025\/03\/2024-01-21-Dankbarkeit-Shila-Mueller-Lutz.mp3\">https:\/\/oikos-schoetz.ch\/wordpress\/wp-content\/uploads\/2025\/03\/2024-01-21-Dankbarkeit-Shila-Mueller-Lutz.mp3<\/a><\/audio>\t\t\t\t<\/div>\n\t\t\t\t<\/div>\n\t\t\t\t\t<\/div>\n\t\t\t\t<\/div>\n\t\t\t\t\t<\/details>\n\t\t\t\t\t<\/div>\n\t\t\t\t\t\t<\/div>\n\t\t\t\t<\/div>\n\t\t\t\t<div class=\"elementor-element elementor-element-409bead elementor-widget elementor-widget-spacer\" data-id=\"409bead\" data-element_type=\"widget\" data-widget_type=\"spacer.default\">\n\t\t\t\t<div class=\"elementor-widget-container\">\n\t\t\t\t\t\t\t<div class=\"elementor-spacer\">\n\t\t\t<div class=\"elementor-spacer-inner\"><\/div>\n\t\t<\/div>\n\t\t\t\t\t\t<\/div>\n\t\t\t\t<\/div>\n\t\t\t\t\t<\/div>\n\t\t\t\t<\/div>\n\t\t\t\t<\/div>\n\t\t","protected":false},"excerpt":{"rendered":"<p>Predigten Aktuell K\u00f6nig Davids Zeitreise &#8211; 26. April 2026 &#8211; Daniel M\u00fcller-Lutz https:\/\/oikos-schoetz.ch\/wordpress\/wp-content\/uploads\/2026\/04\/2026.04.26-Koenig-Davids-Zeitreise-Daniel-Mueller-Lutz.mp3 GROSSE Pl\u00e4ne &#8211; 12. April 2026 &#8211; Daniel M\u00fcller-Lutz https:\/\/oikos-schoetz.ch\/wordpress\/wp-content\/uploads\/2026\/04\/2026.04.12-Grosse-Plaene-Daniel-Mueller-Lutz.mp3 &#171;Karfreitag&#187; oder &#171;Good Friday&#187;? &#8211; 29. M\u00e4rz 2026 &#8211; Daniel M\u00fcller-Lutz https:\/\/oikos-schoetz.ch\/wordpress\/wp-content\/uploads\/2026\/04\/2026.03.29-Karfreitag-oder-Good-Friday-Daniel-Mueller-Lutz.mp3 Endlich schuldenfrei! &#8211; 15. M\u00e4rz 2026 &#8211; Daniel M\u00fcller-Lutz https:\/\/oikos-schoetz.ch\/wordpress\/wp-content\/uploads\/2026\/03\/2026.03.15-Endlich-schuldenfrei-Daniel-Mueller-Lutz.mp3 Die ausgestreckte Hand &#8211; 01. M\u00e4rz 2026 &#8211; Daniel M\u00fcller-Lutz https:\/\/oikos-schoetz.ch\/wordpress\/wp-content\/uploads\/2026\/03\/2026.03.01-Die-ausgestreckte-Hand-Daniel-Mueller-Lutz.mp3 Die perfekte Kirche Teil 2 &#8211; 15. Februar 2026 &#8211; Daniel M\u00fcller-Lutz https:\/\/oikos-schoetz.ch\/wordpress\/wp-content\/uploads\/2026\/02\/2026.02.15-Die-perfekte-Kirche-Teil-2-Daniel-Mueller-Lutz.mp3 Die perfekte Kirche Teil 1 &#8211; 01. Februar 2026 &#8211; Jan Hunziker https:\/\/oikos-schoetz.ch\/wordpress\/wp-content\/uploads\/2026\/02\/2026.02.01-Die-perfekte-Kirche-Teil-1-Jan-Hunziker.mp3 Januar 2026 Jahreslosung: Ich mache alles neu! &#8211; 18. Januar 2026 &#8211; Daniel M\u00fcller-Lutz https:\/\/oikos-schoetz.ch\/wordpress\/wp-content\/uploads\/2026\/01\/2026.01.18-Ich-mache-alles-neu-Daniel-Mueller-Lutz.mp3 Kostbar &#8211; Was dein Leben wertvoll Macht &#8211; 04. Januar 2026 &#8211; Marco Hofmann https:\/\/oikos-schoetz.ch\/wordpress\/wp-content\/uploads\/2026\/01\/2026.01.04-Kostbar-Was-dein-Leben-Kostbar-macht-Perdigt-von-Marco-Hofmann.mp3 Dezember 2025 Weihnachtsgottesdienst &#8211; 21. Dezember 2025 &#8211; Daniel M\u00fcller-Lutz https:\/\/oikos-schoetz.ch\/wordpress\/wp-content\/uploads\/2026\/01\/2025.12.23-Weihnachtsgottesdienst-Daniel-Mueller-Lutz.mp3 Israels Feste: Das Posaunenfest &#8211; Was hat das Posaunenfest mit Advent zu tun? &#8211; 07. Dezember 2025 &#8211; Daniel M\u00fcller-Lutz https:\/\/oikos-schoetz.ch\/wordpress\/wp-content\/uploads\/2025\/12\/2025.12.07-Die-Feste-Israels-Was-hat-das-Posaunenfest-mit-Advent-zu-tun-Daniel-Mueller-Lutz.mp3 November 2025 Israels Feste: Das Fest der unges\u00e4uerten Brote &#8211; 23. November 2025 &#8211; Daniel M\u00fcller-Lutz https:\/\/oikos-schoetz.ch\/wordpress\/wp-content\/uploads\/2025\/12\/2025.11.23-Israels-Feste-Das-Fest-der-ungesaeuerten-Brote-Daniel-Mueller-Lutz.mp3 Sonntag der verfolgten Kirche &#8211; Angst \u00fcberwinden &#8211; 09. November 2025 &#8211; Shila &#038; Daniel M\u00fcller-Lutz https:\/\/oikos-schoetz.ch\/wordpress\/wp-content\/uploads\/2025\/11\/2025.11.09-Sonntag-der-verfolgten-Kirche-Angst-ueberwinden-ShilaDaniel-Mueller-Lutz.mp3 Oktober 2025 Israels Feste &#8211; Unsere Geschichte &#8211; 26. Oktober 2025 &#8211; Daniel M\u00fcller-Lutz https:\/\/oikos-schoetz.ch\/wordpress\/wp-content\/uploads\/2025\/10\/2025.10.26-Israels-Feste-erklaeren-unsere-Geschichte-Daniel-Mueller-Lutz.mp3 Erntedank &#8211; 12. Oktober 2025 &#8211; Daniel M\u00fcller-Lutz https:\/\/oikos-schoetz.ch\/wordpress\/wp-content\/uploads\/2025\/10\/2025.10.12-Erntedank-Daniel-Mueller-Lutz.mp3 September 2025 Weggabelung &#8211; 28. September 2025 &#8211; Daniel M\u00fcller-Lutz https:\/\/oikos-schoetz.ch\/wordpress\/wp-content\/uploads\/2025\/10\/2025.09.28-Weggabelung-Daniel-Mueller-Lutz.mp3 Dein Wille geschehe! &#8211; 14. September 2025 &#8211; Daniel M\u00fcller-Lutz https:\/\/oikos-schoetz.ch\/wordpress\/wp-content\/uploads\/2025\/09\/2025.09.14-Dein-Wille-geschehe-Daniel-Mueller-Lutz.mp3 August 2025 Der vierte Mann im Ofen &#8211; 31. August 2025 &#8211; Mathias Marmet https:\/\/oikos-schoetz.ch\/wordpress\/wp-content\/uploads\/2025\/09\/2025.08.31Dervierte-Mann-im-Ofen-Mathias-Marmet.mp3 Wenn Schweigen keine Option ist &#8211; Die Dringlichkeit des Evangeliums &#8211; 17. August 2025 &#8211; Jan Hunziker https:\/\/oikos-schoetz.ch\/wordpress\/wp-content\/uploads\/2025\/08\/2025.08.17-Wenn-Schweigen-keine-Option-ist-Die-Dringlichkeit-des-Evangeliums-Jan-Hunziker.mp3 Kann ein Christ seine Erl\u00f6sung verlieren ? &#8211; Teil 2 &#8211; 03. August 2025 &#8211; Daniel M\u00fcller-Lutz https:\/\/oikos-schoetz.ch\/wordpress\/wp-content\/uploads\/2025\/08\/2025.09.03-Kann-ein-Christ-seine-Erloesung-verlieren-Teil-2-Daniel-Mueller-Lutz.mp3 Juli 2025 Kann ein Christ seine Erl\u00f6sung verlieren ? &#8211; Teil 1 &#8211; 20. Juli 2025 &#8211; Daniel M\u00fcller-Lutz https:\/\/oikos-schoetz.ch\/wordpress\/wp-content\/uploads\/2025\/07\/2025.07.20-Kann-ein-Christ-seine-Erloesung-verlieren-DanielMueller-Lutz.mp3 Die Israel-Connection &#8211; 06. Juli 2025 &#8211; Daniel M\u00fcller-Lutz https:\/\/oikos-schoetz.ch\/wordpress\/wp-content\/uploads\/2025\/07\/2025.07.06-Die-Israel-Connection-Daniel-Mueller-Lutz.mp3 Juni 2025 Geschenke des heiligen Geistes &#8211; 22. Juni 2025 &#8211; Daniel M\u00fcller-Lutz https:\/\/oikos-schoetz.ch\/wordpress\/wp-content\/uploads\/2025\/06\/2025.06.22-Geschenke-des-Heiligen-Geistes-Daniel-Mueller-Lutz.mp3 Pfingsten &#8211; Das Feuer Gottes! &#8211; 08. Juni 2025 &#8211; Frank Vornheder https:\/\/oikos-schoetz.ch\/wordpress\/wp-content\/uploads\/2025\/06\/2025.06.08.-Pfingsten-Das-Feuer-Gottes-Frank-Vornheder.mp3 Mai 2025 Die Frucht des Heiligen Geistes &#8211; Teil 2 &#8211; 25. Mai 2025 &#8211; Daniel M\u00fcller-Lutz https:\/\/oikos-schoetz.ch\/wordpress\/wp-content\/uploads\/2025\/05\/2025.05.25-Die-Frucht-des-Heiligen-Geistes-2-Daniel-Mueller-Lutz.mp3 Die Frucht des Heiligen Geistes &#8211; Teil 1 &#8211; 11. Mai 2025 &#8211; Daniel M\u00fcller-Lutz https:\/\/oikos-schoetz.ch\/wordpress\/wp-content\/uploads\/2025\/05\/2025.05.11-Die-Frucht-des-Heiligen-Geistes-Teil1-Daniel-Mueller-Lutz.mp3 April 2025 Dreieinigkeit &#8211; Den heiligen Geist kennenlernen &#8211; 27. April 2025 &#8211; Frank Vornheder https:\/\/oikos-schoetz.ch\/wordpress\/wp-content\/uploads\/2025\/05\/2025.04.27-Trinitaet-Den-heiligen-Geist-kennenlernen-Frank-Vornheder.mp3 Dreieinigkeit &#8211; Gott den Vater kennenlernen &#8211; 13. April 2025 &#8211; Daniel M\u00fcller-Lutz https:\/\/oikos-schoetz.ch\/wordpress\/wp-content\/uploads\/2025\/04\/2025.04.13-Gott-den-Vater-kennenlernen-Daniel-Mueller-Lutz.mp3 M\u00e4rz 2025 Dreieinigkeit &#8211; Jesus Christus kennenlernen &#8211; 30. M\u00e4rz 2025 &#8211; Daniel M\u00fcller-Lutz https:\/\/oikos-schoetz.ch\/wordpress\/wp-content\/uploads\/2025\/03\/2025.03.30-Dreieinigkeit-Jesus-kennenlernen-Daniel-Mueller-Lutz.mp3 Du bist so anders! Was ist los mit dir? &#8211; 16. M\u00e4rz 2025 &#8211; Daniel M\u00fcller-Lutz https:\/\/oikos-schoetz.ch\/wordpress\/wp-content\/uploads\/2025\/03\/2025.03.16-Du-bist-so-anders-was-ist-los-mit-dir-Daniel-Mueller-Lutz.mp3 Abendmahl &#8211; 02. M\u00e4rz 2025 &#8211; Daniel M\u00fcller-Lutz https:\/\/oikos-schoetz.ch\/wordpress\/wp-content\/uploads\/2025\/03\/2025-03-02-Abendmahl-Daniel-Mueller-Lutz.mp3 Februar 2025 Beh\u00fcte dein Herz! &#8211; 16. Februar 2025 &#8211; Jan &#038; Damaris Hunziker https:\/\/oikos-schoetz.ch\/wordpress\/wp-content\/uploads\/2025\/03\/2025-02-16-Behuete-dein-Herz-Jan-Damaris-Hunziker.mp3 Unser Vater im Himmel, Teil 2 &#8211; 02. Februar 2025 &#8211; Daniel M\u00fcller-Lutz https:\/\/oikos-schoetz.ch\/wordpress\/wp-content\/uploads\/2025\/03\/2025-02-02-Unser-Vater-im-Himmel-Teil-2-Daniel-Mueller-Lutz.mp3 Januar 2025 Unser Vater im Himmel, Teil 1 &#8211; 19. Januar 2025 &#8211; Daniel M\u00fcller-Lutz https:\/\/oikos-schoetz.ch\/wordpress\/wp-content\/uploads\/2025\/03\/2025-01-19-Unser-Vater-im-Himmel-Teil-1-Daniel-Mueller-Lutz.mp3 Pr\u00fcfet alles und das Gute behaltet &#8211; 05. Januar 2025 &#8211; Daniel M\u00fcller-Lutz https:\/\/oikos-schoetz.ch\/wordpress\/wp-content\/uploads\/2025\/03\/2025-01-05-Pruefet-alles-und-das-Gute-behaltet-Daniel-Mueller-Lutz.mp3 September bis Dezember 2024 Weihnachtsfreude &#8211; 22. Dezember 2024 &#8211; Shila M\u00fcller-Lutz https:\/\/oikos-schoetz.ch\/wordpress\/wp-content\/uploads\/2025\/03\/2024-12-22-Weihnachtsfreude-Shila-Mueller-Lutz.mp3 Advent \/ Jesaja 9 Vers 1 &#8211; 08. Dezember 2024 &#8211; Daniel M\u00fcller-Lutz https:\/\/oikos-schoetz.ch\/wordpress\/wp-content\/uploads\/2025\/03\/2024-12-08-Advent-Jesaja-9-Vers-1-Daniel-Mueller-Lutz.mp3 Christ sein: Mutig sein! &#8211; 24. November 2024 &#8211; Shila M\u00fcller-Lutz https:\/\/oikos-schoetz.ch\/wordpress\/wp-content\/uploads\/2025\/03\/2024-11-24-Christ-sein-Mutig-sein-Daniel-Shila-Mueller-Lutz.mp3 Menschen begegnen Jesus (4) &#8211; 10. November 2024 &#8211; Daniel M\u00fcller-Lutz https:\/\/oikos-schoetz.ch\/wordpress\/wp-content\/uploads\/2025\/03\/2024-11-10-Menschen-begegnen-Jesus-4-Daniel-Mueller-Lutz.mp3 Kirche im Schaufenster &#8211; 27. Oktober 2024 &#8211; Daniel M\u00fcller-Lutz https:\/\/oikos-schoetz.ch\/wordpress\/wp-content\/uploads\/2025\/03\/2024-10-27-Kirche-im-Schaufenster-Daniel-Mueller-Lutz.mp3 Erntedank &#8211; 13. Oktober 2024 &#8211; Daniel M\u00fcller-Lutz https:\/\/oikos-schoetz.ch\/wordpress\/wp-content\/uploads\/2025\/03\/2024-10-13-Erntedank-Daniel-Mueller-Lutz.mp3 Handle entsprechend der Zeit! &#8211; 29. September 2024 &#8211; Daniel M\u00fcller-Lutz https:\/\/oikos-schoetz.ch\/wordpress\/wp-content\/uploads\/2025\/03\/2024-09-29-Handle-entsprechend-der-Zeit-Daniel-Mueller-Lutz.mp3.mp3 Erkenne die Zeit! &#8211; 15. September 2024 &#8211; Daniel M\u00fcller-Lutz https:\/\/oikos-schoetz.ch\/wordpress\/wp-content\/uploads\/2025\/03\/2024-09-15-Erkenne-die-Zeit-Daniel-Mueller-Lutz.mp3 Menschen begegnen Jesus (3) &#8211; 01. September 2024 &#8211; Shila M\u00fcller-Lutz https:\/\/oikos-schoetz.ch\/wordpress\/wp-content\/uploads\/2025\/03\/2024-09-01-Menschen-begegnen-Jesus-3-Shila-Mueller-Lutz.mp3.mp3 Mai bis August 2024 Menschen begegnen Jesus (2) &#8211; 18. August 2024 &#8211; Daniel M\u00fcller-Lutz https:\/\/oikos-schoetz.ch\/wordpress\/wp-content\/uploads\/2025\/03\/2024-08-18-Daniel-Mueller-Lutz-Menschen-begegnen-Jesus-2.mp3 Taufe &#8211; 04. August 2024 &#8211; Daniel M\u00fcller-Lutz https:\/\/oikos-schoetz.ch\/wordpress\/wp-content\/uploads\/2025\/03\/2024-08-04-Daniel-Mueller-Lutz-Taufe.mp3 Menschen begegnen Jesus (1) &#8211; 21. Juli 2024 &#8211; Daniel M\u00fcller-Lutz https:\/\/oikos-schoetz.ch\/wordpress\/wp-content\/uploads\/2025\/03\/2024-07-21-Daniel-Mueller-Lutz-Menschen-begegnen-Jesus-1.mp3 Brauchst du Ver\u00e4nderung? &#8211; 07. Juli 2024 &#8211; Shila M\u00fcller-Lutz https:\/\/oikos-schoetz.ch\/wordpress\/wp-content\/uploads\/2025\/03\/2024-07-07-Shila-Mueller-Lutz-Brauchst-du-veraenderung.mp3 Glaubst du an eine Wiedergeburt? &#8211; 23. Juni 2024 &#8211; Daniel M\u00fcller-Lutz https:\/\/oikos-schoetz.ch\/wordpress\/wp-content\/uploads\/2025\/03\/2024-06-23-Daniel-Mueller-Lutz-Glaubst-du-an-eine-Wiedergeburt.mp3 Priorit\u00e4ten setzen &#8211; 09. Juni 2024 &#8211; Daniel M\u00fcller-Lutz https:\/\/oikos-schoetz.ch\/wordpress\/wp-content\/uploads\/2025\/03\/2024-06-09-Daniel-Mueller-Lutz-Prioritaeten-setzen.mp3 Feuer vom Himmel &#8211; 26. Mai 2024 &#8211; Daniel M\u00fcller-Lutz https:\/\/oikos-schoetz.ch\/wordpress\/wp-content\/uploads\/2025\/03\/2024-05-26-Daniel-Mueller-Lutz-Feuer-vom-Himmel.mp3 Schau mal nach! &#8211; 12. Mai 2024 &#8211; Shila M\u00fcller-Lutz https:\/\/oikos-schoetz.ch\/wordpress\/wp-content\/uploads\/2025\/03\/2024-05-12-Shila-Mueller-Lutz-Schau-mal-nach.mp3 Januar bis April 2024 Folge mir nach &#8211; Zeichen der Zeit &#8211; 28. April 2024 &#8211; Daniel M\u00fcller-Lutz https:\/\/oikos-schoetz.ch\/wordpress\/wp-content\/uploads\/2025\/03\/2024-04-28-Daniel-Mueller-Lutz-Folge-mir-nach-Zeichen-der-Zeit.mp3 Vom Fischer zum Prediger &#8211; 14. April 2024 &#8211; Peter Johner https:\/\/oikos-schoetz.ch\/wordpress\/wp-content\/uploads\/2025\/03\/2024-04-14-Peter-Johner-Vom-Fischer-zum-Prediger.mp3 Gwunder uf Wonder 4 \/ Ostern &#8211; 01. April 2024 &#8211; Daniel M\u00fcller-Lutz https:\/\/oikos-schoetz.ch\/wordpress\/wp-content\/uploads\/2025\/03\/2024-04-01-Daniel-Mueller-Lutz-Gwunder-uf-Wunder-Ostern.mp3 Gwunder uf Wonder 3 \/ Totenauferweckung &#8211; 17. M\u00e4rz 2024 &#8211; Shila M\u00fcller-Lutz https:\/\/oikos-schoetz.ch\/wordpress\/wp-content\/uploads\/2025\/03\/2024-03-17-Shila-Mueller-Lutz-Gwunder-auf-Wunder-Totenauferweckung.mp3 Gwunder uf Wonder 2 \/ Johannes &#8211; 03. M\u00e4rz 2024 &#8211; Daniel M\u00fcller-Lutz https:\/\/oikos-schoetz.ch\/wordpress\/wp-content\/uploads\/2025\/03\/2024-03-03-Daniel-Mueller-Lutz-Gwonder-uf-Wunder-Johnnes-2.mp3 Gwunder uf Wonder 1 &#8211; 18. Februar 2024 &#8211; Peter Johner https:\/\/oikos-schoetz.ch\/wordpress\/wp-content\/uploads\/2025\/03\/2024-02-18-Gwunderig-uf-Wunder-Peter-Johner.mp3 Wer ist Jesus? &#8211; 04. Februar 2024 &#8211; Daniel M\u00fcller-Lutz https:\/\/oikos-schoetz.ch\/wordpress\/wp-content\/uploads\/2025\/03\/2024-02-04-Wer-ist-Jesus-Daniel-Mueller-Lutz-.mp3 Dankbarkeit &#8211; 21. Januar 2024 &#8211; Shila M\u00fcller-Lutz https:\/\/oikos-schoetz.ch\/wordpress\/wp-content\/uploads\/2025\/03\/2024-01-21-Dankbarkeit-Shila-Mueller-Lutz.mp3<\/p>\n","protected":false},"author":1,"featured_media":0,"parent":0,"menu_order":0,"comment_status":"closed","ping_status":"closed","template":"elementor_canvas","meta":{"footnotes":""},"class_list":["post-1925","page","type-page","status-publish","hentry"],"_links":{"self":[{"href":"https:\/\/oikos-schoetz.ch\/wordpress\/wp-json\/wp\/v2\/pages\/1925","targetHints":{"allow":["GET"]}}],"collection":[{"href":"https:\/\/oikos-schoetz.ch\/wordpress\/wp-json\/wp\/v2\/pages"}],"about":[{"href":"https:\/\/oikos-schoetz.ch\/wordpress\/wp-json\/wp\/v2\/types\/page"}],"author":[{"embeddable":true,"href":"https:\/\/oikos-schoetz.ch\/wordpress\/wp-json\/wp\/v2\/users\/1"}],"replies":[{"embeddable":true,"href":"https:\/\/oikos-schoetz.ch\/wordpress\/wp-json\/wp\/v2\/comments?post=1925"}],"version-history":[{"count":133,"href":"https:\/\/oikos-schoetz.ch\/wordpress\/wp-json\/wp\/v2\/pages\/1925\/revisions"}],"predecessor-version":[{"id":2490,"href":"https:\/\/oikos-schoetz.ch\/wordpress\/wp-json\/wp\/v2\/pages\/1925\/revisions\/2490"}],"wp:attachment":[{"href":"https:\/\/oikos-schoetz.ch\/wordpress\/wp-json\/wp\/v2\/media?parent=1925"}],"curies":[{"name":"wp","href":"https:\/\/api.w.org\/{rel}","templated":true}]}}