{"id":2074,"date":"2025-03-08T21:31:01","date_gmt":"2025-03-08T21:31:01","guid":{"rendered":"https:\/\/oikos-schoetz.ch\/wordpress\/?page_id=2074"},"modified":"2025-05-15T08:14:56","modified_gmt":"2025-05-15T08:14:56","slug":"gottesdienste","status":"publish","type":"page","link":"https:\/\/oikos-schoetz.ch\/wordpress\/gottesdienste\/","title":{"rendered":"Gottesdienste"},"content":{"rendered":"\t\t<div data-elementor-type=\"wp-page\" data-elementor-id=\"2074\" class=\"elementor elementor-2074\" data-elementor-post-type=\"page\">\n\t\t\t\t<div class=\"elementor-element elementor-element-c77b8a6 e-flex e-con-boxed wpr-particle-no wpr-jarallax-no wpr-parallax-no wpr-sticky-section-no e-con e-parent\" data-id=\"c77b8a6\" data-element_type=\"container\">\n\t\t\t\t\t<div class=\"e-con-inner\">\n\t\t\t\t<div class=\"elementor-element elementor-element-7723756 elementor-widget elementor-widget-heading\" data-id=\"7723756\" data-element_type=\"widget\" data-widget_type=\"heading.default\">\n\t\t\t\t<div class=\"elementor-widget-container\">\n\t\t\t\t\t<h2 class=\"elementor-heading-title elementor-size-default\">Gottesdienste<\/h2>\t\t\t\t<\/div>\n\t\t\t\t<\/div>\n\t\t\t\t\t<\/div>\n\t\t\t\t<\/div>\n\t\t<div class=\"elementor-element elementor-element-133b7c4 e-flex e-con-boxed wpr-particle-no wpr-jarallax-no wpr-parallax-no wpr-sticky-section-no e-con e-parent\" data-id=\"133b7c4\" data-element_type=\"container\">\n\t\t\t\t\t<div class=\"e-con-inner\">\n\t\t\t\t<div class=\"elementor-element elementor-element-8f03bfe elementor-widget elementor-widget-text-editor\" data-id=\"8f03bfe\" data-element_type=\"widget\" data-widget_type=\"text-editor.default\">\n\t\t\t\t<div class=\"elementor-widget-container\">\n\t\t\t\t\t\t\t\t\t<p>Wir feiern 14-t\u00e4gliche lebendige und bereichernde Gottesdienste jeweils am Sonntagabend in Sch\u00f6tz. Die Gottesdienste beginnen um 18.00 Uhr. (s. <a href=\"https:\/\/oikos-schoetz.ch\/wordpress\/agenda\/\">Agenda<\/a>). Wir verk\u00fcndigen Jesus Christus, weil wir von ihm begeistert sind. Wer sich gerne anstecken lassen m\u00f6chte oder einfach mal reinschauen will, ist herzlich dazu eingeladen.<\/p><p>Die Predigten werden in deutscher Sprache gehalten. F\u00fcr alle anderen Sprachen steht eine elektronische \u00dcbersetzungsm\u00f6glichkeit zur Verf\u00fcgung (bitte eigenes Handy und Ohrh\u00f6rer mitbringen).<\/p><p>Unsere lebendigen Gottesdienste sind kurz und b\u00fcndig, weil wir danach gerne beim Apero Zeit verbringen, um miteinander ins Gespr\u00e4ch zu kommen.<\/p><p>Die Kids sind im Gottesdienst grunds\u00e4tzlich dabei, aber w\u00e4hrend der Predigtzeit d\u00fcrfen sie einen spannenden christlichen Kinderfilm anschauen oder eine Geschichte h\u00f6ren.<\/p>\t\t\t\t\t\t\t\t<\/div>\n\t\t\t\t<\/div>\n\t\t\t\t\t<\/div>\n\t\t\t\t<\/div>\n\t\t<div class=\"elementor-element elementor-element-2056698 e-flex e-con-boxed wpr-particle-no wpr-jarallax-no wpr-parallax-no wpr-sticky-section-no e-con e-parent\" data-id=\"2056698\" data-element_type=\"container\">\n\t\t\t\t\t<div class=\"e-con-inner\">\n\t\t\t\t<div class=\"elementor-element elementor-element-57ba123 elementor-widget elementor-widget-spacer\" data-id=\"57ba123\" data-element_type=\"widget\" data-widget_type=\"spacer.default\">\n\t\t\t\t<div class=\"elementor-widget-container\">\n\t\t\t\t\t\t\t<div class=\"elementor-spacer\">\n\t\t\t<div class=\"elementor-spacer-inner\"><\/div>\n\t\t<\/div>\n\t\t\t\t\t\t<\/div>\n\t\t\t\t<\/div>\n\t\t\t\t\t<\/div>\n\t\t\t\t<\/div>\n\t\t<div class=\"elementor-element elementor-element-7db330c e-flex e-con-boxed wpr-particle-no wpr-jarallax-no wpr-parallax-no wpr-sticky-section-no e-con e-parent\" data-id=\"7db330c\" data-element_type=\"container\" data-settings=\"{&quot;background_background&quot;:&quot;classic&quot;}\">\n\t\t\t\t\t<div class=\"e-con-inner\">\n\t\t\t\t<div class=\"elementor-element elementor-element-5aa5da6 elementor-widget elementor-widget-gallery\" data-id=\"5aa5da6\" data-element_type=\"widget\" data-settings=\"{&quot;gap&quot;:{&quot;unit&quot;:&quot;px&quot;,&quot;size&quot;:0,&quot;sizes&quot;:[]},&quot;aspect_ratio&quot;:&quot;1:1&quot;,&quot;lazyload&quot;:&quot;yes&quot;,&quot;gallery_layout&quot;:&quot;grid&quot;,&quot;columns&quot;:4,&quot;columns_tablet&quot;:2,&quot;columns_mobile&quot;:1,&quot;gap_tablet&quot;:{&quot;unit&quot;:&quot;px&quot;,&quot;size&quot;:10,&quot;sizes&quot;:[]},&quot;gap_mobile&quot;:{&quot;unit&quot;:&quot;px&quot;,&quot;size&quot;:10,&quot;sizes&quot;:[]},&quot;link_to&quot;:&quot;file&quot;,&quot;overlay_background&quot;:&quot;yes&quot;,&quot;content_hover_animation&quot;:&quot;fade-in&quot;}\" data-widget_type=\"gallery.default\">\n\t\t\t\t<div class=\"elementor-widget-container\">\n\t\t\t\t\t\t\t<div class=\"elementor-gallery__container\">\n\t\t\t\t\t\t\t<a class=\"e-gallery-item elementor-gallery-item elementor-animated-content\" href=\"https:\/\/oikos-schoetz.ch\/wordpress\/wp-content\/uploads\/2025\/03\/20240401_105127-scaled-e1741470145145.jpg\" data-elementor-open-lightbox=\"yes\" data-elementor-lightbox-slideshow=\"5aa5da6\" data-elementor-lightbox-title=\"20240401_105127\" data-e-action-hash=\"#elementor-action%3Aaction%3Dlightbox%26settings%3DeyJpZCI6MjA3NiwidXJsIjoiaHR0cHM6XC9cL29pa29zLXNjaG9ldHouY2hcL3dvcmRwcmVzc1wvd3AtY29udGVudFwvdXBsb2Fkc1wvMjAyNVwvMDNcLzIwMjQwNDAxXzEwNTEyNy1zY2FsZWQtZTE3NDE0NzAxNDUxNDUuanBnIiwic2xpZGVzaG93IjoiNWFhNWRhNiJ9\">\n\t\t\t\t\t<div class=\"e-gallery-image elementor-gallery-item__image\" data-thumbnail=\"https:\/\/oikos-schoetz.ch\/wordpress\/wp-content\/uploads\/2025\/03\/20240401_105127-768x1024.jpg\" data-width=\"768\" data-height=\"1024\" aria-label=\"\" role=\"img\" ><\/div>\n\t\t\t\t\t\t\t\t\t\t\t<div class=\"elementor-gallery-item__overlay\"><\/div>\n\t\t\t\t\t\t\t\t\t\t\t\t\t\t<\/a>\n\t\t\t\t\t\t\t<a class=\"e-gallery-item elementor-gallery-item elementor-animated-content\" href=\"https:\/\/oikos-schoetz.ch\/wordpress\/wp-content\/uploads\/2025\/03\/DSCN3426-1-scaled-e1741469927763.webp\" data-elementor-open-lightbox=\"yes\" data-elementor-lightbox-slideshow=\"5aa5da6\" data-elementor-lightbox-title=\"DSCN3426\" data-e-action-hash=\"#elementor-action%3Aaction%3Dlightbox%26settings%3DeyJpZCI6MjA0MSwidXJsIjoiaHR0cHM6XC9cL29pa29zLXNjaG9ldHouY2hcL3dvcmRwcmVzc1wvd3AtY29udGVudFwvdXBsb2Fkc1wvMjAyNVwvMDNcL0RTQ04zNDI2LTEtc2NhbGVkLWUxNzQxNDY5OTI3NzYzLndlYnAiLCJzbGlkZXNob3ciOiI1YWE1ZGE2In0%3D\">\n\t\t\t\t\t<div class=\"e-gallery-image elementor-gallery-item__image\" data-thumbnail=\"https:\/\/oikos-schoetz.ch\/wordpress\/wp-content\/uploads\/2025\/03\/DSCN3426-1-768x1024.jpg\" data-width=\"768\" data-height=\"1024\" aria-label=\"\" role=\"img\" ><\/div>\n\t\t\t\t\t\t\t\t\t\t\t<div class=\"elementor-gallery-item__overlay\"><\/div>\n\t\t\t\t\t\t\t\t\t\t\t\t\t\t<\/a>\n\t\t\t\t\t\t\t<a class=\"e-gallery-item elementor-gallery-item elementor-animated-content\" href=\"https:\/\/oikos-schoetz.ch\/wordpress\/wp-content\/uploads\/2025\/03\/Shila-Predigt001.jpg\" data-elementor-open-lightbox=\"yes\" data-elementor-lightbox-slideshow=\"5aa5da6\" data-elementor-lightbox-title=\"Shila Predigt001\" data-e-action-hash=\"#elementor-action%3Aaction%3Dlightbox%26settings%3DeyJpZCI6MjI1MCwidXJsIjoiaHR0cHM6XC9cL29pa29zLXNjaG9ldHouY2hcL3dvcmRwcmVzc1wvd3AtY29udGVudFwvdXBsb2Fkc1wvMjAyNVwvMDNcL1NoaWxhLVByZWRpZ3QwMDEuanBnIiwic2xpZGVzaG93IjoiNWFhNWRhNiJ9\">\n\t\t\t\t\t<div class=\"e-gallery-image elementor-gallery-item__image\" data-thumbnail=\"https:\/\/oikos-schoetz.ch\/wordpress\/wp-content\/uploads\/2025\/03\/Shila-Predigt001.jpg\" data-width=\"703\" data-height=\"900\" aria-label=\"\" role=\"img\" ><\/div>\n\t\t\t\t\t\t\t\t\t\t\t<div class=\"elementor-gallery-item__overlay\"><\/div>\n\t\t\t\t\t\t\t\t\t\t\t\t\t\t<\/a>\n\t\t\t\t\t\t\t<a class=\"e-gallery-item elementor-gallery-item elementor-animated-content\" href=\"https:\/\/oikos-schoetz.ch\/wordpress\/wp-content\/uploads\/2025\/03\/Anbetung.jpg\" data-elementor-open-lightbox=\"yes\" data-elementor-lightbox-slideshow=\"5aa5da6\" data-elementor-lightbox-title=\"Anbetung\" data-e-action-hash=\"#elementor-action%3Aaction%3Dlightbox%26settings%3DeyJpZCI6MjA3NywidXJsIjoiaHR0cHM6XC9cL29pa29zLXNjaG9ldHouY2hcL3dvcmRwcmVzc1wvd3AtY29udGVudFwvdXBsb2Fkc1wvMjAyNVwvMDNcL0FuYmV0dW5nLmpwZyIsInNsaWRlc2hvdyI6IjVhYTVkYTYifQ%3D%3D\">\n\t\t\t\t\t<div class=\"e-gallery-image elementor-gallery-item__image\" data-thumbnail=\"https:\/\/oikos-schoetz.ch\/wordpress\/wp-content\/uploads\/2025\/03\/Anbetung.jpg\" data-width=\"250\" data-height=\"239\" aria-label=\"\" role=\"img\" ><\/div>\n\t\t\t\t\t\t\t\t\t\t\t<div class=\"elementor-gallery-item__overlay\"><\/div>\n\t\t\t\t\t\t\t\t\t\t\t\t\t\t<\/a>\n\t\t\t\t\t<\/div>\n\t\t\t\t\t<\/div>\n\t\t\t\t<\/div>\n\t\t\t\t\t<\/div>\n\t\t\t\t<\/div>\n\t\t\t\t<\/div>\n\t\t","protected":false},"excerpt":{"rendered":"<p>Gottesdienste Wir feiern 14-t\u00e4gliche lebendige und bereichernde Gottesdienste jeweils am Sonntagabend in Sch\u00f6tz. Die Gottesdienste beginnen um 18.00 Uhr. (s. Agenda). Wir verk\u00fcndigen Jesus Christus, weil wir von ihm begeistert sind. Wer sich gerne anstecken lassen m\u00f6chte oder einfach mal reinschauen will, ist herzlich dazu eingeladen. Die Predigten werden in deutscher Sprache gehalten. F\u00fcr alle anderen Sprachen steht eine elektronische \u00dcbersetzungsm\u00f6glichkeit zur Verf\u00fcgung (bitte eigenes Handy und Ohrh\u00f6rer mitbringen). Unsere lebendigen Gottesdienste sind kurz und b\u00fcndig, weil wir danach gerne beim Apero Zeit verbringen, um miteinander ins Gespr\u00e4ch zu kommen. Die Kids sind im Gottesdienst grunds\u00e4tzlich dabei, aber w\u00e4hrend der Predigtzeit d\u00fcrfen sie einen spannenden christlichen Kinderfilm anschauen oder eine Geschichte h\u00f6ren.<\/p>\n","protected":false},"author":1,"featured_media":0,"parent":0,"menu_order":0,"comment_status":"closed","ping_status":"closed","template":"elementor_canvas","meta":{"footnotes":""},"class_list":["post-2074","page","type-page","status-publish","hentry"],"_links":{"self":[{"href":"https:\/\/oikos-schoetz.ch\/wordpress\/wp-json\/wp\/v2\/pages\/2074","targetHints":{"allow":["GET"]}}],"collection":[{"href":"https:\/\/oikos-schoetz.ch\/wordpress\/wp-json\/wp\/v2\/pages"}],"about":[{"href":"https:\/\/oikos-schoetz.ch\/wordpress\/wp-json\/wp\/v2\/types\/page"}],"author":[{"embeddable":true,"href":"https:\/\/oikos-schoetz.ch\/wordpress\/wp-json\/wp\/v2\/users\/1"}],"replies":[{"embeddable":true,"href":"https:\/\/oikos-schoetz.ch\/wordpress\/wp-json\/wp\/v2\/comments?post=2074"}],"version-history":[{"count":22,"href":"https:\/\/oikos-schoetz.ch\/wordpress\/wp-json\/wp\/v2\/pages\/2074\/revisions"}],"predecessor-version":[{"id":2310,"href":"https:\/\/oikos-schoetz.ch\/wordpress\/wp-json\/wp\/v2\/pages\/2074\/revisions\/2310"}],"wp:attachment":[{"href":"https:\/\/oikos-schoetz.ch\/wordpress\/wp-json\/wp\/v2\/media?parent=2074"}],"curies":[{"name":"wp","href":"https:\/\/api.w.org\/{rel}","templated":true}]}}